{"id":4503,"date":"2025-10-28T14:31:38","date_gmt":"2025-10-28T12:31:38","guid":{"rendered":"https:\/\/erasmus.eoiestepona.org\/?page_id=4503"},"modified":"2025-11-06T21:37:47","modified_gmt":"2025-11-06T19:37:47","slug":"eramus-week-october-2025","status":"publish","type":"page","link":"https:\/\/erasmus.eoiestepona.org\/?page_id=4503","title":{"rendered":"Eramus+ Week &#8211; October 2025"},"content":{"rendered":"<p class=\"\" data-start=\"188\" data-end=\"414\">La Escuela Oficial de Idiomas de Estepona celebr\u00f3 con gran entusiasmo su\u00a0<strong data-start=\"261\" data-end=\"283\">Erasmus+ Week 2025 October<\/strong>, un evento internacional que reuni\u00f3 a\u00a0<strong data-start=\"322\" data-end=\"375\">20 participantes, profesorado y alumando, procedentes de seis pa\u00edses europeos<\/strong>: Estonia, Eslovaquia, Eslovenia, Austria, Suecia y Turqu\u00eda.<\/p>\n<p class=\"\" data-start=\"416\" data-end=\"763\">Durante esta semana, los participantes tuvieron la oportunidad de\u00a0<strong data-start=\"482\" data-end=\"520\">formarse en tecnolog\u00edas emergentes<\/strong>, con especial atenci\u00f3n a la\u00a0<strong data-start=\"549\" data-end=\"611\">Inteligencia Artificial aplicada a la ense\u00f1anza de idiomas<\/strong>, y de vivir una experiencia enriquecedora de\u00a0<strong data-start=\"657\" data-end=\"674\">participaci\u00f3n en las clases con el alumnado del centro<\/strong>, observando clases reales y compartiendo buenas pr\u00e1cticas con el profesorado del centro.<\/p>\n<p class=\"\" data-start=\"765\" data-end=\"1073\">La programaci\u00f3n incluy\u00f3\u00a0<strong data-start=\"789\" data-end=\"868\">talleres pr\u00e1cticos sobre TIC, herramientas digitales y recursos innovadores<\/strong>, as\u00ed como la presentaci\u00f3n del proyecto\u00a0<strong data-start=\"908\" data-end=\"946\">\u00abEasy Tools for Language Teachers\u00bb<\/strong>, una iniciativa que mostr\u00f3 juegos y actividades l\u00fadicas para fomentar el aprendizaje de lenguas de forma din\u00e1mica y divertida.<\/p>\n<p class=\"\" data-start=\"1075\" data-end=\"1272\">Adem\u00e1s, los asistentes disfrutaron de una clase de espa\u00f1ol, diversas actividades culturales y momentos de intercambio que favorecieron el entendimiento entre culturas y el aprendizaje colaborativo.<\/p>\n<p class=\"\" data-start=\"1274\" data-end=\"1520\">La Erasmus+ Week en la EOI Estepona fue mucho m\u00e1s que una formaci\u00f3n: fue un espacio para inspirarse, compartir y crecer como profesionales de la ense\u00f1anza de idiomas en un entorno abierto y acogedor.<\/p>\n<h1>Programa<\/h1>\n<p><img loading=\"lazy\" decoding=\"async\" class=\"aligncenter size-large wp-image-4599\" src=\"https:\/\/erasmus.eoiestepona.org\/wp-content\/uploads\/2025\/10\/programaoctubre-724x1024.jpg\" alt=\"\" width=\"724\" height=\"1024\" srcset=\"https:\/\/erasmus.eoiestepona.org\/wp-content\/uploads\/2025\/10\/programaoctubre-724x1024.jpg 724w, https:\/\/erasmus.eoiestepona.org\/wp-content\/uploads\/2025\/10\/programaoctubre-212x300.jpg 212w, https:\/\/erasmus.eoiestepona.org\/wp-content\/uploads\/2025\/10\/programaoctubre-768x1086.jpg 768w, https:\/\/erasmus.eoiestepona.org\/wp-content\/uploads\/2025\/10\/programaoctubre-1086x1536.jpg 1086w, https:\/\/erasmus.eoiestepona.org\/wp-content\/uploads\/2025\/10\/programaoctubre.jpg 1414w\" sizes=\"auto, (max-width: 724px) 100vw, 724px\" \/><\/p>\n<h2 data-start=\"1274\" data-end=\"1520\">Participantes<\/h2>\n<p><strong>\u0160olski center Slovenske Konjice-Zre\u010de (Eslovenia)<\/strong><\/p>\n<ul>\n<li><span data-sheets-root=\"1\">Anja \u0160vab Podkubov\u0161ek<\/span><\/li>\n<li>Irena Pe\u010dovnik<\/li>\n<li>Nina Cerenak<\/li>\n<li>\u017diga Zupan\u010di\u010d<\/li>\n<li>Marzidosek<\/li>\n<li>Helena \u0160kafar<\/li>\n<li>Helena Rak<\/li>\n<li>Mihaela Mastnak Tepej<\/li>\n<li>Breda Stegu<\/li>\n<li>Nina Oplotnik<\/li>\n<\/ul>\n<p><strong>Kocaeli Directorate of National Education<\/strong><\/p>\n<ul>\n<li>Sevil U\u00e7ar<\/li>\n<li>Zuhal Akova<\/li>\n<li>Gaye Sak\u0131zl\u0131gil<\/li>\n<\/ul>\n<p><strong>Sprachenzentrum der Universit\u00e4t Wien (IUW)<\/strong><\/p>\n<ul>\n<li>Nicole Schramm<\/li>\n<\/ul>\n<p><strong>Multilingua Keelekeskus O\u00dc<\/strong><\/p>\n<ul>\n<li>Elvira Rozenblat<\/li>\n<li>Jaana Sirel<\/li>\n<\/ul>\n<p><strong>Gymn\u00e1zium a Stredn\u00e1 odborn\u00e1 \u0161kola obchodu a slu\u017eieb, Sobrance<\/strong><\/p>\n<ul>\n<li>Zuzana Rynikov\u00e1<\/li>\n<li>Monika Han\u00edkov\u00e1<\/li>\n<\/ul>\n<p><strong>L\u00e5ngholmens folkh\u00f6gskola<\/strong><\/p>\n<ul>\n<li>Henrietta Keselman<\/li>\n<li>Liv S\u00f6renson<\/li>\n<\/ul>\n<h2 style=\"text-align: center;\" data-start=\"1274\" data-end=\"1520\">Diario de la Eramus+ Week 2025<\/h2>\n<h2><strong>Primer d\u00eda de la Erasmus+ Week en la EOI Estepona<\/strong><\/h2>\n<p class=\"\" data-start=\"57\" data-end=\"354\">La EOI Estepona ha arrancado con entusiasmo su\u00a0<strong data-start=\"104\" data-end=\"126\">Erasmus+ Week 2025<\/strong>, recibiendo a docentes procedentes de\u00a0<strong data-start=\"165\" data-end=\"205\">Turqu\u00eda, Eslovenia, Estonia, Eslovaquia, Suecia y Austria<\/strong>. El primer d\u00eda ha estado marcado por la ilusi\u00f3n del encuentro, el intercambio de experiencias y la apertura a nuevas formas de ense\u00f1ar y aprender.<\/p>\n<p class=\"\" data-start=\"356\" data-end=\"668\">La jornada ha comenzado con una\u00a0<strong data-start=\"388\" data-end=\"416\">bienvenida institucional<\/strong>\u00a0a cargo del\u00a0<strong data-start=\"429\" data-end=\"452\">director del centro<\/strong>\u00a0y del\u00a0<strong data-start=\"459\" data-end=\"497\">equipo Erasmus+ de la EOI Estepona<\/strong>, quienes han ofrecido a los participantes una visi\u00f3n general del funcionamiento del centro, su organizaci\u00f3n acad\u00e9mica y la estructura de las ense\u00f1anzas que se imparten.<\/p>\n<p class=\"\" data-start=\"670\" data-end=\"941\">Tras esta primera toma de contacto, cada uno de los centros visitantes ha presentado su escuela al resto de participantes, permitiendo conocer la diversidad de contextos educativos representados. En esta edici\u00f3n, contamos con la participaci\u00f3n de los siguientes centros:<\/p>\n<ul>\n<li data-start=\"944\" data-end=\"987\"><strong>Kocaeli Directorate of National Education<\/strong> (Turqu\u00eda)<\/li>\n<li data-start=\"990\" data-end=\"1045\"><strong data-start=\"990\" data-end=\"1031\">\u0160olski center Slovenske Konjice-Zre\u010de<\/strong>\u00a0(Eslovenia)<\/li>\n<li data-start=\"1048\" data-end=\"1076\"><strong>Sprachenzentrum der Universit\u00e4t Wien<\/strong> (IUW)\u00a0 (Austria)<\/li>\n<li data-start=\"1079\" data-end=\"1115\"><strong>Multilingua Keelekeskus O\u00dc<\/strong> (Estonia)<\/li>\n<li><strong>Gymn\u00e1zium a Stredn\u00e1 odborn\u00e1 \u0161kola obchodu a slu\u017eieb, Sobrance<\/strong> (Eslovaquia)<\/li>\n<li><strong>L\u00e5ngholmens folkh\u00f6gskola<\/strong> (Suecia)<\/li>\n<\/ul>\n<p class=\"\" data-start=\"1117\" data-end=\"1316\">Este espacio de presentaci\u00f3n ha generado un ambiente de colaboraci\u00f3n internacional desde el primer momento, propiciando el di\u00e1logo y el intercambio de ideas entre profesionales de distintos pa\u00edses.<\/p>\n\n\t\t<style type=\"text\/css\">\n\t\t\t#gallery-1 {\n\t\t\t\tmargin: auto;\n\t\t\t}\n\t\t\t#gallery-1 .gallery-item {\n\t\t\t\tfloat: left;\n\t\t\t\tmargin-top: 10px;\n\t\t\t\ttext-align: center;\n\t\t\t\twidth: 50%;\n\t\t\t}\n\t\t\t#gallery-1 img {\n\t\t\t\tborder: 2px solid #cfcfcf;\n\t\t\t}\n\t\t\t#gallery-1 .gallery-caption {\n\t\t\t\tmargin-left: 0;\n\t\t\t}\n\t\t\t\/* see gallery_shortcode() in wp-includes\/media.php *\/\n\t\t<\/style>\n\t\t<div id='gallery-1' class='gallery galleryid-4503 gallery-columns-2 gallery-size-large'><dl class='gallery-item'>\n\t\t\t<dt class='gallery-icon landscape'>\n\t\t\t\t<a href='https:\/\/erasmus.eoiestepona.org\/?attachment_id=4562'><img loading=\"lazy\" decoding=\"async\" width=\"1024\" height=\"1024\" src=\"https:\/\/erasmus.eoiestepona.org\/wp-content\/uploads\/2025\/10\/WhatsApp-Image-2025-10-29-at-10.44.59-2-1024x1024.jpeg\" class=\"attachment-large size-large\" alt=\"\" srcset=\"https:\/\/erasmus.eoiestepona.org\/wp-content\/uploads\/2025\/10\/WhatsApp-Image-2025-10-29-at-10.44.59-2-1024x1024.jpeg 1024w, https:\/\/erasmus.eoiestepona.org\/wp-content\/uploads\/2025\/10\/WhatsApp-Image-2025-10-29-at-10.44.59-2-300x300.jpeg 300w, https:\/\/erasmus.eoiestepona.org\/wp-content\/uploads\/2025\/10\/WhatsApp-Image-2025-10-29-at-10.44.59-2-150x150.jpeg 150w, https:\/\/erasmus.eoiestepona.org\/wp-content\/uploads\/2025\/10\/WhatsApp-Image-2025-10-29-at-10.44.59-2-768x768.jpeg 768w, https:\/\/erasmus.eoiestepona.org\/wp-content\/uploads\/2025\/10\/WhatsApp-Image-2025-10-29-at-10.44.59-2-1536x1536.jpeg 1536w, https:\/\/erasmus.eoiestepona.org\/wp-content\/uploads\/2025\/10\/WhatsApp-Image-2025-10-29-at-10.44.59-2.jpeg 2048w\" sizes=\"auto, (max-width: 1024px) 100vw, 1024px\" \/><\/a>\n\t\t\t<\/dt><\/dl><dl class='gallery-item'>\n\t\t\t<dt class='gallery-icon landscape'>\n\t\t\t\t<a href='https:\/\/erasmus.eoiestepona.org\/?attachment_id=4563'><img loading=\"lazy\" decoding=\"async\" width=\"1024\" height=\"1024\" src=\"https:\/\/erasmus.eoiestepona.org\/wp-content\/uploads\/2025\/10\/WhatsApp-Image-2025-10-29-at-10.44.59-1024x1024.jpeg\" class=\"attachment-large size-large\" alt=\"\" srcset=\"https:\/\/erasmus.eoiestepona.org\/wp-content\/uploads\/2025\/10\/WhatsApp-Image-2025-10-29-at-10.44.59-1024x1024.jpeg 1024w, https:\/\/erasmus.eoiestepona.org\/wp-content\/uploads\/2025\/10\/WhatsApp-Image-2025-10-29-at-10.44.59-300x300.jpeg 300w, https:\/\/erasmus.eoiestepona.org\/wp-content\/uploads\/2025\/10\/WhatsApp-Image-2025-10-29-at-10.44.59-150x150.jpeg 150w, https:\/\/erasmus.eoiestepona.org\/wp-content\/uploads\/2025\/10\/WhatsApp-Image-2025-10-29-at-10.44.59-768x768.jpeg 768w, https:\/\/erasmus.eoiestepona.org\/wp-content\/uploads\/2025\/10\/WhatsApp-Image-2025-10-29-at-10.44.59-1536x1536.jpeg 1536w, https:\/\/erasmus.eoiestepona.org\/wp-content\/uploads\/2025\/10\/WhatsApp-Image-2025-10-29-at-10.44.59.jpeg 2048w\" sizes=\"auto, (max-width: 1024px) 100vw, 1024px\" \/><\/a>\n\t\t\t<\/dt><\/dl><br style=\"clear: both\" \/>\n\t\t<\/div>\n\n<p class=\"\" data-start=\"1318\" data-end=\"1787\">Uno de los momentos clave del d\u00eda ha sido la realizaci\u00f3n de la\u00a0<a href=\"https:\/\/eoiestepona.org\/html\/juan\/espanol\/leccion0\/index.html\"><strong data-start=\"1381\" data-end=\"1422\">Lecci\u00f3n 0 de Espa\u00f1ol para Extranjeros<\/strong><\/a>, una sesi\u00f3n introductoria dise\u00f1ada para dotar a los docentes visitantes de herramientas ling\u00fc\u00edsticas b\u00e1sicas que les permitan desenvolverse en situaciones cotidianas durante su estancia. A trav\u00e9s de esta clase, tambi\u00e9n han podido acercarse a elementos fundamentales de nuestra cultura, como la\u00a0<strong data-start=\"1717\" data-end=\"1741\">gastronom\u00eda andaluza<\/strong>, en un ambiente participativo y distendido.<\/p>\n<p class=\"\" data-start=\"1789\" data-end=\"2227\">Despu\u00e9s de una pausa para tomar caf\u00e9 y compartir impresiones entre los participantes, los profesores visitantes se han integrado en las clases que se imparten habitualmente en la EOI Estepona, participando activamente en ellas y\u00a0<strong data-start=\"2018\" data-end=\"2081\">interactuando tanto con el profesorado como con el alumnado<\/strong>. Esta inmersi\u00f3n directa les ha permitido observar de cerca nuestras metodolog\u00edas, el uso de recursos digitales y la din\u00e1mica de nuestras aulas.<\/p>\n\n\t\t<style type=\"text\/css\">\n\t\t\t#gallery-2 {\n\t\t\t\tmargin: auto;\n\t\t\t}\n\t\t\t#gallery-2 .gallery-item {\n\t\t\t\tfloat: left;\n\t\t\t\tmargin-top: 10px;\n\t\t\t\ttext-align: center;\n\t\t\t\twidth: 100%;\n\t\t\t}\n\t\t\t#gallery-2 img {\n\t\t\t\tborder: 2px solid #cfcfcf;\n\t\t\t}\n\t\t\t#gallery-2 .gallery-caption {\n\t\t\t\tmargin-left: 0;\n\t\t\t}\n\t\t\t\/* see gallery_shortcode() in wp-includes\/media.php *\/\n\t\t<\/style>\n\t\t<div id='gallery-2' class='gallery galleryid-4503 gallery-columns-1 gallery-size-large'><dl class='gallery-item'>\n\t\t\t<dt class='gallery-icon portrait'>\n\t\t\t\t<a href='https:\/\/erasmus.eoiestepona.org\/?attachment_id=4578'><img loading=\"lazy\" decoding=\"async\" width=\"776\" height=\"1024\" src=\"https:\/\/erasmus.eoiestepona.org\/wp-content\/uploads\/2025\/10\/WhatsApp-Image-2025-10-29-at-17.53.36-776x1024.jpeg\" class=\"attachment-large size-large\" alt=\"\" srcset=\"https:\/\/erasmus.eoiestepona.org\/wp-content\/uploads\/2025\/10\/WhatsApp-Image-2025-10-29-at-17.53.36-776x1024.jpeg 776w, https:\/\/erasmus.eoiestepona.org\/wp-content\/uploads\/2025\/10\/WhatsApp-Image-2025-10-29-at-17.53.36-227x300.jpeg 227w, https:\/\/erasmus.eoiestepona.org\/wp-content\/uploads\/2025\/10\/WhatsApp-Image-2025-10-29-at-17.53.36-768x1013.jpeg 768w, https:\/\/erasmus.eoiestepona.org\/wp-content\/uploads\/2025\/10\/WhatsApp-Image-2025-10-29-at-17.53.36-1164x1536.jpeg 1164w, https:\/\/erasmus.eoiestepona.org\/wp-content\/uploads\/2025\/10\/WhatsApp-Image-2025-10-29-at-17.53.36.jpeg 1213w\" sizes=\"auto, (max-width: 776px) 100vw, 776px\" \/><\/a>\n\t\t\t<\/dt><\/dl><br style=\"clear: both\" \/>\n\t\t<\/div>\n\n<p class=\"\" data-start=\"2229\" data-end=\"2463\">Este primer d\u00eda ha supuesto el inicio de una semana llena de oportunidades para el aprendizaje mutuo, el enriquecimiento cultural y la creaci\u00f3n de lazos entre profesionales comprometidos con una educaci\u00f3n abierta, inclusiva y europea.<\/p>\n<h2 data-start=\"2229\" data-end=\"2463\"><strong data-start=\"44\" data-end=\"98\">Segundo d\u00eda de la Erasmus+ Week en la EOI Estepona<\/strong><\/h2>\n<p class=\"\" data-start=\"102\" data-end=\"275\">Hoy hemos visitado la exposici\u00f3n temporal\u00a0<strong data-start=\"144\" data-end=\"170\">\u00abQui\u00f1ones: Al Origen\u00bb<\/strong>\u00a0en el\u00a0<strong data-start=\"177\" data-end=\"205\">Museo Mirador del Carmen<\/strong>, una actividad cultural, coordinadora del centro, que forma parte de nuestra semana Erasmus+ gracias al Ayuntamiento de Estepona.<\/p>\n<p class=\"\" data-start=\"277\" data-end=\"485\">Los participantes de\u00a0<strong data-start=\"298\" data-end=\"338\">Eslovenia, Turqu\u00eda, Austria, Estonia, Eslovaquia y Suecia<\/strong>\u00a0han podido disfrutar de la muestra art\u00edstica y conocer de primera mano c\u00f3mo integramos el\u00a0<strong data-start=\"429\" data-end=\"464\">arte en la ense\u00f1anza de idiomas<\/strong> en nuestras aulas. Han podido conocer la unidad did\u00e1ctica en ingl\u00e9s \/ franc\u00e9s preparada ad hoc para esta exposici\u00f3n: <a href=\"https:\/\/idiomas.eoiestepona.org\/quinones-al-origen\/\"><strong>Unidad did\u00e1ctica<\/strong><\/a><\/p>\n<p class=\"\" data-start=\"487\" data-end=\"678\">Una experiencia enriquecedora que une cultura, educaci\u00f3n y creatividad en un entorno \u00fanico.<\/p>\n<p data-start=\"487\" data-end=\"678\"><img loading=\"lazy\" decoding=\"async\" class=\"aligncenter size-large wp-image-4573\" src=\"https:\/\/erasmus.eoiestepona.org\/wp-content\/uploads\/2025\/10\/WhatsApp-Image-2025-10-29-at-10.44.59-1-1-1024x1024.jpeg\" alt=\"\" width=\"1024\" height=\"1024\" srcset=\"https:\/\/erasmus.eoiestepona.org\/wp-content\/uploads\/2025\/10\/WhatsApp-Image-2025-10-29-at-10.44.59-1-1-1024x1024.jpeg 1024w, https:\/\/erasmus.eoiestepona.org\/wp-content\/uploads\/2025\/10\/WhatsApp-Image-2025-10-29-at-10.44.59-1-1-300x300.jpeg 300w, https:\/\/erasmus.eoiestepona.org\/wp-content\/uploads\/2025\/10\/WhatsApp-Image-2025-10-29-at-10.44.59-1-1-150x150.jpeg 150w, https:\/\/erasmus.eoiestepona.org\/wp-content\/uploads\/2025\/10\/WhatsApp-Image-2025-10-29-at-10.44.59-1-1-768x768.jpeg 768w, https:\/\/erasmus.eoiestepona.org\/wp-content\/uploads\/2025\/10\/WhatsApp-Image-2025-10-29-at-10.44.59-1-1-1536x1536.jpeg 1536w, https:\/\/erasmus.eoiestepona.org\/wp-content\/uploads\/2025\/10\/WhatsApp-Image-2025-10-29-at-10.44.59-1-1.jpeg 2048w\" sizes=\"auto, (max-width: 1024px) 100vw, 1024px\" \/><\/p>\n<p data-start=\"487\" data-end=\"678\">En la\u00a0<strong data-start=\"2075\" data-end=\"2097\">sesi\u00f3n de la tarde<\/strong>, los participantes se han integrado en las clases, donde los docentes visitantes han podido observar y colaborar en diferentes cursos, interactuando directamente con el alumnado de la EOI Estepona.<\/p>\n<p data-start=\"487\" data-end=\"678\">En la segunda parte de la tarde, el profesor <strong data-start=\"2111\" data-end=\"2125\">Juan Ortiz<\/strong>\u00a0ha impartido la primera formaci\u00f3n sobre\u00a0<strong data-start=\"2166\" data-end=\"2217\">Inteligencia Artificial aplicada a la educaci\u00f3n<\/strong>, una introducci\u00f3n para descubrir el potencial de esta poderosa herramienta en el \u00e1mbito docente. Durante la sesi\u00f3n, los participantes han podido explorar el funcionamiento y las posibilidades de programas como\u00a0<strong data-start=\"2428\" data-end=\"2467\">ChatGPT, Copilot, Gemini o Deepseek<\/strong>, iniciando as\u00ed su aproximaci\u00f3n pr\u00e1ctica a este campo en plena expansi\u00f3n.<\/p>\n<h1>Workshops<\/h1>\n<h2>AI in Educaton Training<\/h2>\n<h2 style=\"position: relative; width: 100%; height: 0; padding-top: 56.2500%; padding-bottom: 0; box-shadow: 0 2px 8px 0 rgba(63,69,81,0.16); margin-top: 1.6em; margin-bottom: 0.9em; overflow: hidden; border-radius: 8px; will-change: transform;\"><iframe style=\"position: absolute; width: 100%; height: 100%; top: 0; left: 0; border: none; padding: 0; margin: 0;\" src=\"https:\/\/www.canva.com\/design\/DAG3EK7R_GU\/4AZ6M8NiqmNsLj1GRxz_FA\/view?embed\" allowfullscreen=\"allowfullscreen\"><br \/>\n<\/iframe><\/h2>\n<p><a href=\"https:\/\/www.canva.com\/design\/DAG3EK7R_GU\/4AZ6M8NiqmNsLj1GRxz_FA\/view?utm_content=DAG3EK7R_GU&amp;utm_campaign=designshare&amp;utm_medium=embeds&amp;utm_source=link\" target=\"_blank\" rel=\"noopener\">Generative AI &#8211; Eramus+Week Oct 2025<\/a> by JUAN ANTONIO ORTIZ CANTOS<\/p>\n<h2>The Importance of prompts in AI<\/h2>\n<h2 style=\"position: relative; width: 100%; height: 0; padding-top: 56.2500%; padding-bottom: 0; box-shadow: 0 2px 8px 0 rgba(63,69,81,0.16); margin-top: 1.6em; margin-bottom: 0.9em; overflow: hidden; border-radius: 8px; will-change: transform;\"><iframe style=\"position: absolute; width: 100%; height: 100%; top: 0; left: 0; border: none; padding: 0; margin: 0;\" src=\"https:\/\/www.canva.com\/design\/DAGm4ffAlig\/phCDuNp3OKLvI7w5jVQnFQ\/view?embed\" allowfullscreen=\"allowfullscreen\"><br \/>\n<\/iframe><\/h2>\n<p><a href=\"https:\/\/www.canva.com\/design\/DAGm4ffAlig\/phCDuNp3OKLvI7w5jVQnFQ\/view?utm_content=DAGm4ffAlig&amp;utm_campaign=designshare&amp;utm_medium=embeds&amp;utm_source=link\" target=\"_blank\" rel=\"noopener\">Prompts English<\/a> by JUAN ANTONIO ORTIZ CANTOS<\/p>\n<h2><span class=\"a_GcMg font-feature-liga-off font-feature-clig-off font-feature-calt-off text-decoration-none text-strikethrough-none\">Maximizing Language Learning with IA<\/span><\/h2>\n<h2 style=\"position: relative; width: 100%; height: 0; padding-top: 56.2500%; padding-bottom: 0; box-shadow: 0 2px 8px 0 rgba(63,69,81,0.16); margin-top: 1.6em; margin-bottom: 0.9em; overflow: hidden; border-radius: 8px; will-change: transform;\"><iframe style=\"position: absolute; width: 100%; height: 100%; top: 0; left: 0; border: none; padding: 0; margin: 0;\" src=\"https:\/\/www.canva.com\/design\/DAG3FG2QppU\/ZhdfmCQQ6sx1QDP68t7stw\/view?embed\" allowfullscreen=\"allowfullscreen\"><br \/>\n<\/iframe><\/h2>\n<p><a href=\"https:\/\/www.canva.com\/design\/DAG3FG2QppU\/ZhdfmCQQ6sx1QDP68t7stw\/view?utm_content=DAG3FG2QppU&amp;utm_campaign=designshare&amp;utm_medium=embeds&amp;utm_source=link\" target=\"_blank\" rel=\"noopener\">creativo<\/a> by JUAN ANTONIO ORTIZ CANTOS<\/p>\n<h2><strong data-start=\"44\" data-end=\"98\">Tercer d\u00eda de la Erasmus+ Week en la EOI Estepona<\/strong><\/h2>\n<p class=\"\" data-start=\"57\" data-end=\"280\">La\u00a0<strong data-start=\"60\" data-end=\"79\">tercera jornada<\/strong>\u00a0de nuestra Erasmus+ Week 2025 ha estado marcada por la continuidad en la formaci\u00f3n docente y por el compromiso de seguir explorando nuevas herramientas digitales aplicadas a la ense\u00f1anza de idiomas.<\/p>\n<p class=\"\" data-start=\"282\" data-end=\"687\">Durante la\u00a0<strong data-start=\"293\" data-end=\"303\">primera parte<\/strong>, los participantes han asistido a la\u00a0<strong data-start=\"341\" data-end=\"423\">segunda parte del taller sobre Inteligencia Artificial aplicada a la educaci\u00f3n<\/strong>, dirigido por el profesor\u00a0<strong data-start=\"450\" data-end=\"464\">Juan Ortiz<\/strong>. Tras la introducci\u00f3n realizada el d\u00eda anterior, esta sesi\u00f3n se ha centrado en la\u00a0<strong data-start=\"547\" data-end=\"566\">pr\u00e1ctica activa<\/strong>, permitiendo a los docentes experimentar con herramientas que integran la IA de forma accesible y creativa en el aula.<\/p>\n<p class=\"\" data-start=\"689\" data-end=\"735\">Entre las aplicaciones utilizadas, destacan:<\/p>\n<ul data-start=\"736\" data-end=\"1150\">\n<li class=\"\" data-start=\"736\" data-end=\"829\">\n<p class=\"\" data-start=\"738\" data-end=\"829\"><strong data-start=\"738\" data-end=\"747\">Canva<\/strong>, para la creaci\u00f3n de materiales visuales atractivos con funciones inteligentes,<\/p>\n<\/li>\n<li class=\"\" data-start=\"830\" data-end=\"901\">\n<p class=\"\" data-start=\"832\" data-end=\"901\"><strong data-start=\"832\" data-end=\"843\">Quizizz<\/strong>, para dise\u00f1ar cuestionarios interactivos y gamificados,<\/p>\n<\/li>\n<li class=\"\" data-start=\"902\" data-end=\"1026\">\n<p class=\"\" data-start=\"904\" data-end=\"1026\"><strong data-start=\"904\" data-end=\"922\">NaturalReaders<\/strong>, una herramienta que convierte texto en voz, ideal para practicar pronunciaci\u00f3n y comprensi\u00f3n oral, y<\/p>\n<\/li>\n<li class=\"\" data-start=\"1027\" data-end=\"1150\">\n<p class=\"\" data-start=\"1029\" data-end=\"1150\"><strong data-start=\"1029\" data-end=\"1045\">LearningApps<\/strong>, una plataforma que permite crear actividades interactivas adaptadas a distintos contenidos y niveles.<\/p>\n<\/li>\n<\/ul>\n<p class=\"\" data-start=\"1152\" data-end=\"1546\">Los participantes han podido\u00a0<strong data-start=\"1181\" data-end=\"1224\">dise\u00f1ar sus propios recursos did\u00e1cticos<\/strong>\u00a0con estas aplicaciones, reflexionando sobre su aplicabilidad en el contexto de la ense\u00f1anza de lenguas y compartiendo ideas sobre c\u00f3mo implementarlas en sus respectivas escuelas. La sesi\u00f3n ha fomentado tambi\u00e9n el\u00a0<strong data-start=\"1438\" data-end=\"1473\">intercambio de buenas pr\u00e1cticas<\/strong>\u00a0y el aprendizaje colaborativo entre profesionales de distintos pa\u00edses.<\/p>\n<h2 data-start=\"1152\" data-end=\"1546\">Images<\/h2>\n<div style=\"position: relative; width: 100%; height: 0; padding-top: 56.2500%; padding-bottom: 0; box-shadow: 0 2px 8px 0 rgba(63,69,81,0.16); margin-top: 1.6em; margin-bottom: 0.9em; overflow: hidden; border-radius: 8px; will-change: transform;\"><iframe style=\"position: absolute; width: 100%; height: 100%; top: 0; left: 0; border: none; padding: 0; margin: 0;\" src=\"https:\/\/www.canva.com\/design\/DAG3KkYRPmA\/PpgA2928yC1-KOyPGFcB-w\/view?embed\" allowfullscreen=\"allowfullscreen\"><br \/>\n<\/iframe><\/div>\n<p><a href=\"https:\/\/www.canva.com\/design\/DAG3KkYRPmA\/PpgA2928yC1-KOyPGFcB-w\/view?utm_content=DAG3KkYRPmA&amp;utm_campaign=designshare&amp;utm_medium=embeds&amp;utm_source=link\" target=\"_blank\" rel=\"noopener\">Images_IA<\/a> by JUAN ANTONIO ORTIZ CANTOS<\/p>\n<h2>Kahoot<\/h2>\n<div style=\"position: relative; width: 100%; height: 0; padding-top: 56.2500%; padding-bottom: 0; box-shadow: 0 2px 8px 0 rgba(63,69,81,0.16); margin-top: 1.6em; margin-bottom: 0.9em; overflow: hidden; border-radius: 8px; will-change: transform;\"><iframe style=\"position: absolute; width: 100%; height: 100%; top: 0; left: 0; border: none; padding: 0; margin: 0;\" src=\"https:\/\/www.canva.com\/design\/DAGqy6fDvb8\/MqgDLdZYRnA1zRrmJS1AiQ\/view?embed\" allowfullscreen=\"allowfullscreen\"><br \/>\n<\/iframe><\/div>\n<p><a href=\"https:\/\/www.canva.com\/design\/DAGqy6fDvb8\/MqgDLdZYRnA1zRrmJS1AiQ\/view?utm_content=DAGqy6fDvb8&amp;utm_campaign=designshare&amp;utm_medium=embeds&amp;utm_source=link\" target=\"_blank\" rel=\"noopener\">Presentation &#8211; Kahoot Quiz Creation<\/a> by JUAN ANTONIO ORTIZ CANTOS<\/p>\n<h2 data-start=\"1548\" data-end=\"1888\">Learningapps<\/h2>\n<div style=\"position: relative; width: 100%; height: 0; padding-top: 56.2500%; padding-bottom: 0; box-shadow: 0 2px 8px 0 rgba(63,69,81,0.16); margin-top: 1.6em; margin-bottom: 0.9em; overflow: hidden; border-radius: 8px; will-change: transform;\"><iframe style=\"position: absolute; width: 100%; height: 100%; top: 0; left: 0; border: none; padding: 0; margin: 0;\" src=\"https:\/\/www.canva.com\/design\/DAFbg1AUKws\/view?embed\" allowfullscreen=\"allowfullscreen\"><br \/>\n<\/iframe><\/div>\n<p><a href=\"https:\/\/www.canva.com\/design\/DAFbg1AUKws\/view?utm_content=DAFbg1AUKws&amp;utm_campaign=designshare&amp;utm_medium=embeds&amp;utm_source=link\" target=\"_blank\" rel=\"noopener\">Learningapps<\/a> by JUAN ANTONIO ORTIZ CANTOS<\/p>\n<p data-start=\"1548\" data-end=\"1888\">Mientras tanto, el grupo de alumnos que nos ha visitado ha participado en un <strong data-start=\"77\" data-end=\"122\">interesante taller sobre cultura espa\u00f1ola<\/strong> impartido por el profesor <strong data-start=\"149\" data-end=\"162\">Jos\u00e9 D\u00edaz<\/strong>, con el objetivo de <strong data-start=\"183\" data-end=\"266\">profundizar en el conocimiento de nuestro pa\u00eds y de su rica diversidad cultural<\/strong>. Durante la sesi\u00f3n, los participantes han explorado distintos aspectos de la vida y las tradiciones en Espa\u00f1a \u2014desde la gastronom\u00eda, la m\u00fasica y las costumbres populares, hasta la historia, el arte y la diversidad regional\u2014, comprendiendo mejor la <strong data-start=\"515\" data-end=\"553\">identidad y el patrimonio cultural<\/strong> que nos caracterizan. Ha sido una experiencia enriquecedora que ha fomentado el <strong data-start=\"634\" data-end=\"663\">intercambio intercultural<\/strong> y ha permitido a los estudiantes <strong data-start=\"697\" data-end=\"784\">acercarse a la esencia de la cultura espa\u00f1ola de una forma din\u00e1mica y participativa<\/strong>.<\/p>\n<p data-start=\"1548\" data-end=\"1888\"><img loading=\"lazy\" decoding=\"async\" class=\"aligncenter size-large wp-image-4583\" src=\"https:\/\/erasmus.eoiestepona.org\/wp-content\/uploads\/2025\/10\/josediaz-1024x1024.jpeg\" alt=\"\" width=\"1024\" height=\"1024\" srcset=\"https:\/\/erasmus.eoiestepona.org\/wp-content\/uploads\/2025\/10\/josediaz-1024x1024.jpeg 1024w, https:\/\/erasmus.eoiestepona.org\/wp-content\/uploads\/2025\/10\/josediaz-300x300.jpeg 300w, https:\/\/erasmus.eoiestepona.org\/wp-content\/uploads\/2025\/10\/josediaz-150x150.jpeg 150w, https:\/\/erasmus.eoiestepona.org\/wp-content\/uploads\/2025\/10\/josediaz-768x768.jpeg 768w, https:\/\/erasmus.eoiestepona.org\/wp-content\/uploads\/2025\/10\/josediaz.jpeg 1440w\" sizes=\"auto, (max-width: 1024px) 100vw, 1024px\" \/><\/p>\n<h2 data-start=\"1548\" data-end=\"1888\">Spain Culture<\/h2>\n<div style=\"position: relative; width: 100%; height: 0; padding-top: 56.2500%; padding-bottom: 0; box-shadow: 0 2px 8px 0 rgba(63,69,81,0.16); margin-top: 1.6em; margin-bottom: 0.9em; overflow: hidden; border-radius: 8px; will-change: transform;\"><iframe style=\"position: absolute; width: 100%; height: 100%; top: 0; left: 0; border: none; padding: 0; margin: 0;\" src=\"https:\/\/www.canva.com\/design\/DAGg2ql3oA0\/2_lxh5td3WqUBKhty3zKxQ\/view?embed\" allowfullscreen=\"allowfullscreen\"><br \/>\n<\/iframe><\/div>\n<p><a href=\"https:\/\/www.canva.com\/design\/DAGg2ql3oA0\/2_lxh5td3WqUBKhty3zKxQ\/view?utm_content=DAGg2ql3oA0&amp;utm_campaign=designshare&amp;utm_medium=embeds&amp;utm_source=link\" target=\"_blank\" rel=\"noopener\">Spain Introduction <\/a> by JUAN ANTONIO ORTIZ CANTOS<\/p>\n<h2 data-start=\"1548\" data-end=\"1888\">Spanish Food<\/h2>\n<div style=\"position: relative; width: 100%; height: 0; padding-top: 56.2500%; padding-bottom: 0; box-shadow: 0 2px 8px 0 rgba(63,69,81,0.16); margin-top: 1.6em; margin-bottom: 0.9em; overflow: hidden; border-radius: 8px; will-change: transform;\"><iframe style=\"position: absolute; width: 100%; height: 100%; top: 0; left: 0; border: none; padding: 0; margin: 0;\" src=\"https:\/\/www.canva.com\/design\/DAGgyTYc_VI\/4bQDkvJ_yJaGQ0LKOPwnvQ\/view?embed\" allowfullscreen=\"allowfullscreen\"><br \/>\n<\/iframe><\/div>\n<p><a href=\"https:\/\/www.canva.com\/design\/DAGgyTYc_VI\/4bQDkvJ_yJaGQ0LKOPwnvQ\/view?utm_content=DAGgyTYc_VI&amp;utm_campaign=designshare&amp;utm_medium=embeds&amp;utm_source=link\" target=\"_blank\" rel=\"noopener\">Presentaci\u00f3n Comida Tradicional Espa\u00f1ola Ilustrado Colorido (Inglese)<\/a> by JUAN ANTONIO ORTIZ CANTOS<\/p>\n<p class=\"\" data-start=\"1548\" data-end=\"1888\">En la <strong data-start=\"1554\" data-end=\"1579\">segunda parte de la tarde<\/strong>, y tras una pausa para el caf\u00e9, los docentes visitantes se han integrado en los\u00a0<strong data-start=\"1664\" data-end=\"1697\">cursos de idiomas vespertinos<\/strong> de nuestro centro. Han participado activamente en clases de diferentes niveles y lenguas, acompa\u00f1ando al profesorado local y colaborando con el alumnado en diversas actividades did\u00e1cticas entorno a la celebraci\u00f3n de Halloween.<\/p>\n\n\t\t<style type=\"text\/css\">\n\t\t\t#gallery-3 {\n\t\t\t\tmargin: auto;\n\t\t\t}\n\t\t\t#gallery-3 .gallery-item {\n\t\t\t\tfloat: left;\n\t\t\t\tmargin-top: 10px;\n\t\t\t\ttext-align: center;\n\t\t\t\twidth: 33%;\n\t\t\t}\n\t\t\t#gallery-3 img {\n\t\t\t\tborder: 2px solid #cfcfcf;\n\t\t\t}\n\t\t\t#gallery-3 .gallery-caption {\n\t\t\t\tmargin-left: 0;\n\t\t\t}\n\t\t\t\/* see gallery_shortcode() in wp-includes\/media.php *\/\n\t\t<\/style>\n\t\t<div id='gallery-3' class='gallery galleryid-4503 gallery-columns-3 gallery-size-large'><dl class='gallery-item'>\n\t\t\t<dt class='gallery-icon portrait'>\n\t\t\t\t<a href='https:\/\/erasmus.eoiestepona.org\/?attachment_id=4574'><img loading=\"lazy\" decoding=\"async\" width=\"776\" height=\"1024\" src=\"https:\/\/erasmus.eoiestepona.org\/wp-content\/uploads\/2025\/10\/WhatsApp-Image-2025-10-29-at-17.49.37-776x1024.jpeg\" class=\"attachment-large size-large\" alt=\"\" srcset=\"https:\/\/erasmus.eoiestepona.org\/wp-content\/uploads\/2025\/10\/WhatsApp-Image-2025-10-29-at-17.49.37-776x1024.jpeg 776w, https:\/\/erasmus.eoiestepona.org\/wp-content\/uploads\/2025\/10\/WhatsApp-Image-2025-10-29-at-17.49.37-227x300.jpeg 227w, https:\/\/erasmus.eoiestepona.org\/wp-content\/uploads\/2025\/10\/WhatsApp-Image-2025-10-29-at-17.49.37-768x1013.jpeg 768w, https:\/\/erasmus.eoiestepona.org\/wp-content\/uploads\/2025\/10\/WhatsApp-Image-2025-10-29-at-17.49.37-1164x1536.jpeg 1164w, https:\/\/erasmus.eoiestepona.org\/wp-content\/uploads\/2025\/10\/WhatsApp-Image-2025-10-29-at-17.49.37.jpeg 1213w\" sizes=\"auto, (max-width: 776px) 100vw, 776px\" \/><\/a>\n\t\t\t<\/dt><\/dl><dl class='gallery-item'>\n\t\t\t<dt class='gallery-icon portrait'>\n\t\t\t\t<a href='https:\/\/erasmus.eoiestepona.org\/?attachment_id=4575'><img loading=\"lazy\" decoding=\"async\" width=\"776\" height=\"1024\" src=\"https:\/\/erasmus.eoiestepona.org\/wp-content\/uploads\/2025\/10\/WhatsApp-Image-2025-10-29-at-17.49.37-1-776x1024.jpeg\" class=\"attachment-large size-large\" alt=\"\" srcset=\"https:\/\/erasmus.eoiestepona.org\/wp-content\/uploads\/2025\/10\/WhatsApp-Image-2025-10-29-at-17.49.37-1-776x1024.jpeg 776w, https:\/\/erasmus.eoiestepona.org\/wp-content\/uploads\/2025\/10\/WhatsApp-Image-2025-10-29-at-17.49.37-1-227x300.jpeg 227w, https:\/\/erasmus.eoiestepona.org\/wp-content\/uploads\/2025\/10\/WhatsApp-Image-2025-10-29-at-17.49.37-1-768x1013.jpeg 768w, https:\/\/erasmus.eoiestepona.org\/wp-content\/uploads\/2025\/10\/WhatsApp-Image-2025-10-29-at-17.49.37-1-1164x1536.jpeg 1164w, https:\/\/erasmus.eoiestepona.org\/wp-content\/uploads\/2025\/10\/WhatsApp-Image-2025-10-29-at-17.49.37-1.jpeg 1213w\" sizes=\"auto, (max-width: 776px) 100vw, 776px\" \/><\/a>\n\t\t\t<\/dt><\/dl><dl class='gallery-item'>\n\t\t\t<dt class='gallery-icon portrait'>\n\t\t\t\t<a href='https:\/\/erasmus.eoiestepona.org\/?attachment_id=4576'><img loading=\"lazy\" decoding=\"async\" width=\"776\" height=\"1024\" src=\"https:\/\/erasmus.eoiestepona.org\/wp-content\/uploads\/2025\/10\/WhatsApp-Image-2025-10-29-at-17.49.37-2-776x1024.jpeg\" class=\"attachment-large size-large\" alt=\"\" srcset=\"https:\/\/erasmus.eoiestepona.org\/wp-content\/uploads\/2025\/10\/WhatsApp-Image-2025-10-29-at-17.49.37-2-776x1024.jpeg 776w, https:\/\/erasmus.eoiestepona.org\/wp-content\/uploads\/2025\/10\/WhatsApp-Image-2025-10-29-at-17.49.37-2-227x300.jpeg 227w, https:\/\/erasmus.eoiestepona.org\/wp-content\/uploads\/2025\/10\/WhatsApp-Image-2025-10-29-at-17.49.37-2-768x1013.jpeg 768w, https:\/\/erasmus.eoiestepona.org\/wp-content\/uploads\/2025\/10\/WhatsApp-Image-2025-10-29-at-17.49.37-2-1164x1536.jpeg 1164w, https:\/\/erasmus.eoiestepona.org\/wp-content\/uploads\/2025\/10\/WhatsApp-Image-2025-10-29-at-17.49.37-2.jpeg 1213w\" sizes=\"auto, (max-width: 776px) 100vw, 776px\" \/><\/a>\n\t\t\t<\/dt><\/dl><br style=\"clear: both\" \/>\n\t\t<\/div>\n\n<p class=\"\" data-start=\"1890\" data-end=\"2306\">Esta\u00a0<strong data-start=\"1895\" data-end=\"1919\">inmersi\u00f3n en el aula<\/strong>\u00a0les ha permitido observar en directo nuestras metodolog\u00edas comunicativas, el uso de recursos digitales, la interacci\u00f3n constante con los estudiantes y la diversidad de enfoques utilizados por el profesorado de la EOI Estepona. A su vez, ha sido una oportunidad para establecer v\u00ednculos con nuestro alumnado, compartir sus experiencias y generar un ambiente intercultural enriquecedor.<\/p>\n<p class=\"\" data-start=\"2308\" data-end=\"2510\">Este tercer d\u00eda ha vuelto a poner en valor la importancia del trabajo colaborativo, la innovaci\u00f3n y el papel clave de la formaci\u00f3n continua en un contexto educativo cada vez m\u00e1s conectado y tecnol\u00f3gico.<\/p>\n<p data-start=\"2308\" data-end=\"2510\"><img loading=\"lazy\" decoding=\"async\" class=\"aligncenter size-large wp-image-4577\" src=\"https:\/\/erasmus.eoiestepona.org\/wp-content\/uploads\/2025\/10\/WhatsApp-Image-2025-10-29-at-16.46.03-1024x461.jpeg\" alt=\"\" width=\"1024\" height=\"461\" srcset=\"https:\/\/erasmus.eoiestepona.org\/wp-content\/uploads\/2025\/10\/WhatsApp-Image-2025-10-29-at-16.46.03-1024x461.jpeg 1024w, https:\/\/erasmus.eoiestepona.org\/wp-content\/uploads\/2025\/10\/WhatsApp-Image-2025-10-29-at-16.46.03-300x135.jpeg 300w, https:\/\/erasmus.eoiestepona.org\/wp-content\/uploads\/2025\/10\/WhatsApp-Image-2025-10-29-at-16.46.03-768x346.jpeg 768w, https:\/\/erasmus.eoiestepona.org\/wp-content\/uploads\/2025\/10\/WhatsApp-Image-2025-10-29-at-16.46.03-1536x691.jpeg 1536w, https:\/\/erasmus.eoiestepona.org\/wp-content\/uploads\/2025\/10\/WhatsApp-Image-2025-10-29-at-16.46.03.jpeg 2000w\" sizes=\"auto, (max-width: 1024px) 100vw, 1024px\" \/><\/p>\n<h2 data-start=\"2308\" data-end=\"2510\"><strong data-start=\"44\" data-end=\"98\">\u00a0<\/strong><strong data-start=\"44\" data-end=\"98\">Cuarto d\u00eda de la Erasmus+ Week en la EOI Estepona<\/strong><\/h2>\n<p>En el <strong data-start=\"6\" data-end=\"45\">cuarto d\u00eda de nuestra Erasmus+ Week<\/strong>, hemos comenzado la jornada con una visita muy especial. Despu\u00e9s del desayuno, y gracias a la colaboraci\u00f3n del <strong data-start=\"157\" data-end=\"185\">Ayuntamiento de Estepona<\/strong>, el grupo ha sido invitado a descubrir uno de los lugares m\u00e1s emblem\u00e1ticos y singulares de la ciudad: el <strong data-start=\"291\" data-end=\"317\">Orquidario de Estepona<\/strong>. Este espacio bot\u00e1nico, situado en pleno centro urbano, alberga m\u00e1s de <strong data-start=\"389\" data-end=\"420\">1.300 especies de orqu\u00eddeas<\/strong> procedentes de todo el mundo y destaca por su <strong data-start=\"467\" data-end=\"491\">arquitectura moderna<\/strong>, con una impresionante <strong data-start=\"515\" data-end=\"536\">c\u00fapula de cristal<\/strong> y una <strong data-start=\"543\" data-end=\"593\">cascada interior de m\u00e1s de 15 metros de altura<\/strong>. La visita ha sido una oportunidad perfecta para <strong data-start=\"643\" data-end=\"673\">conectar con la naturaleza<\/strong> y conocer uno de los <strong data-start=\"695\" data-end=\"794\">s\u00edmbolos del compromiso de Estepona con la belleza, la biodiversidad y el desarrollo sostenible<\/strong>.<\/p>\n\n\t\t<style type=\"text\/css\">\n\t\t\t#gallery-4 {\n\t\t\t\tmargin: auto;\n\t\t\t}\n\t\t\t#gallery-4 .gallery-item {\n\t\t\t\tfloat: left;\n\t\t\t\tmargin-top: 10px;\n\t\t\t\ttext-align: center;\n\t\t\t\twidth: 33%;\n\t\t\t}\n\t\t\t#gallery-4 img {\n\t\t\t\tborder: 2px solid #cfcfcf;\n\t\t\t}\n\t\t\t#gallery-4 .gallery-caption {\n\t\t\t\tmargin-left: 0;\n\t\t\t}\n\t\t\t\/* see gallery_shortcode() in wp-includes\/media.php *\/\n\t\t<\/style>\n\t\t<div id='gallery-4' class='gallery galleryid-4503 gallery-columns-3 gallery-size-large'><dl class='gallery-item'>\n\t\t\t<dt class='gallery-icon landscape'>\n\t\t\t\t<a href='https:\/\/erasmus.eoiestepona.org\/?attachment_id=4584'><img loading=\"lazy\" decoding=\"async\" width=\"1024\" height=\"1024\" src=\"https:\/\/erasmus.eoiestepona.org\/wp-content\/uploads\/2025\/10\/orchi03-1024x1024.jpeg\" class=\"attachment-large size-large\" alt=\"\" srcset=\"https:\/\/erasmus.eoiestepona.org\/wp-content\/uploads\/2025\/10\/orchi03-1024x1024.jpeg 1024w, https:\/\/erasmus.eoiestepona.org\/wp-content\/uploads\/2025\/10\/orchi03-300x300.jpeg 300w, https:\/\/erasmus.eoiestepona.org\/wp-content\/uploads\/2025\/10\/orchi03-150x150.jpeg 150w, https:\/\/erasmus.eoiestepona.org\/wp-content\/uploads\/2025\/10\/orchi03-768x768.jpeg 768w, https:\/\/erasmus.eoiestepona.org\/wp-content\/uploads\/2025\/10\/orchi03.jpeg 1440w\" sizes=\"auto, (max-width: 1024px) 100vw, 1024px\" \/><\/a>\n\t\t\t<\/dt><\/dl><dl class='gallery-item'>\n\t\t\t<dt class='gallery-icon landscape'>\n\t\t\t\t<a href='https:\/\/erasmus.eoiestepona.org\/?attachment_id=4585'><img loading=\"lazy\" decoding=\"async\" width=\"1024\" height=\"1024\" src=\"https:\/\/erasmus.eoiestepona.org\/wp-content\/uploads\/2025\/10\/orchi02-1024x1024.jpeg\" class=\"attachment-large size-large\" alt=\"\" srcset=\"https:\/\/erasmus.eoiestepona.org\/wp-content\/uploads\/2025\/10\/orchi02-1024x1024.jpeg 1024w, https:\/\/erasmus.eoiestepona.org\/wp-content\/uploads\/2025\/10\/orchi02-300x300.jpeg 300w, https:\/\/erasmus.eoiestepona.org\/wp-content\/uploads\/2025\/10\/orchi02-150x150.jpeg 150w, https:\/\/erasmus.eoiestepona.org\/wp-content\/uploads\/2025\/10\/orchi02-768x768.jpeg 768w, https:\/\/erasmus.eoiestepona.org\/wp-content\/uploads\/2025\/10\/orchi02.jpeg 1440w\" sizes=\"auto, (max-width: 1024px) 100vw, 1024px\" \/><\/a>\n\t\t\t<\/dt><\/dl><dl class='gallery-item'>\n\t\t\t<dt class='gallery-icon landscape'>\n\t\t\t\t<a href='https:\/\/erasmus.eoiestepona.org\/?attachment_id=4586'><img loading=\"lazy\" decoding=\"async\" width=\"1024\" height=\"1024\" src=\"https:\/\/erasmus.eoiestepona.org\/wp-content\/uploads\/2025\/10\/orchi01-1024x1024.jpeg\" class=\"attachment-large size-large\" alt=\"\" srcset=\"https:\/\/erasmus.eoiestepona.org\/wp-content\/uploads\/2025\/10\/orchi01-1024x1024.jpeg 1024w, https:\/\/erasmus.eoiestepona.org\/wp-content\/uploads\/2025\/10\/orchi01-300x300.jpeg 300w, https:\/\/erasmus.eoiestepona.org\/wp-content\/uploads\/2025\/10\/orchi01-150x150.jpeg 150w, https:\/\/erasmus.eoiestepona.org\/wp-content\/uploads\/2025\/10\/orchi01-768x768.jpeg 768w, https:\/\/erasmus.eoiestepona.org\/wp-content\/uploads\/2025\/10\/orchi01.jpeg 1440w\" sizes=\"auto, (max-width: 1024px) 100vw, 1024px\" \/><\/a>\n\t\t\t<\/dt><\/dl><br style=\"clear: both\" \/>\n\t\t<\/div>\n\n\n\t\t<style type=\"text\/css\">\n\t\t\t#gallery-5 {\n\t\t\t\tmargin: auto;\n\t\t\t}\n\t\t\t#gallery-5 .gallery-item {\n\t\t\t\tfloat: left;\n\t\t\t\tmargin-top: 10px;\n\t\t\t\ttext-align: center;\n\t\t\t\twidth: 25%;\n\t\t\t}\n\t\t\t#gallery-5 img {\n\t\t\t\tborder: 2px solid #cfcfcf;\n\t\t\t}\n\t\t\t#gallery-5 .gallery-caption {\n\t\t\t\tmargin-left: 0;\n\t\t\t}\n\t\t\t\/* see gallery_shortcode() in wp-includes\/media.php *\/\n\t\t<\/style>\n\t\t<div id='gallery-5' class='gallery galleryid-4503 gallery-columns-4 gallery-size-large'><dl class='gallery-item'>\n\t\t\t<dt class='gallery-icon portrait'>\n\t\t\t\t<a href='https:\/\/erasmus.eoiestepona.org\/?attachment_id=4588'><img loading=\"lazy\" decoding=\"async\" width=\"776\" height=\"1024\" src=\"https:\/\/erasmus.eoiestepona.org\/wp-content\/uploads\/2025\/10\/WhatsApp-Image-2025-10-30-at-12.38.52-1-776x1024.jpeg\" class=\"attachment-large size-large\" alt=\"\" srcset=\"https:\/\/erasmus.eoiestepona.org\/wp-content\/uploads\/2025\/10\/WhatsApp-Image-2025-10-30-at-12.38.52-1-776x1024.jpeg 776w, https:\/\/erasmus.eoiestepona.org\/wp-content\/uploads\/2025\/10\/WhatsApp-Image-2025-10-30-at-12.38.52-1-227x300.jpeg 227w, https:\/\/erasmus.eoiestepona.org\/wp-content\/uploads\/2025\/10\/WhatsApp-Image-2025-10-30-at-12.38.52-1-768x1013.jpeg 768w, https:\/\/erasmus.eoiestepona.org\/wp-content\/uploads\/2025\/10\/WhatsApp-Image-2025-10-30-at-12.38.52-1-1164x1536.jpeg 1164w, https:\/\/erasmus.eoiestepona.org\/wp-content\/uploads\/2025\/10\/WhatsApp-Image-2025-10-30-at-12.38.52-1.jpeg 1213w\" sizes=\"auto, (max-width: 776px) 100vw, 776px\" \/><\/a>\n\t\t\t<\/dt><\/dl><dl class='gallery-item'>\n\t\t\t<dt class='gallery-icon portrait'>\n\t\t\t\t<a href='https:\/\/erasmus.eoiestepona.org\/?attachment_id=4589'><img loading=\"lazy\" decoding=\"async\" width=\"776\" height=\"1024\" src=\"https:\/\/erasmus.eoiestepona.org\/wp-content\/uploads\/2025\/10\/WhatsApp-Image-2025-10-30-at-12.38.52-776x1024.jpeg\" class=\"attachment-large size-large\" alt=\"\" srcset=\"https:\/\/erasmus.eoiestepona.org\/wp-content\/uploads\/2025\/10\/WhatsApp-Image-2025-10-30-at-12.38.52-776x1024.jpeg 776w, https:\/\/erasmus.eoiestepona.org\/wp-content\/uploads\/2025\/10\/WhatsApp-Image-2025-10-30-at-12.38.52-227x300.jpeg 227w, https:\/\/erasmus.eoiestepona.org\/wp-content\/uploads\/2025\/10\/WhatsApp-Image-2025-10-30-at-12.38.52-768x1013.jpeg 768w, https:\/\/erasmus.eoiestepona.org\/wp-content\/uploads\/2025\/10\/WhatsApp-Image-2025-10-30-at-12.38.52-1164x1536.jpeg 1164w, https:\/\/erasmus.eoiestepona.org\/wp-content\/uploads\/2025\/10\/WhatsApp-Image-2025-10-30-at-12.38.52.jpeg 1213w\" sizes=\"auto, (max-width: 776px) 100vw, 776px\" \/><\/a>\n\t\t\t<\/dt><\/dl><dl class='gallery-item'>\n\t\t\t<dt class='gallery-icon portrait'>\n\t\t\t\t<a href='https:\/\/erasmus.eoiestepona.org\/?attachment_id=4590'><img loading=\"lazy\" decoding=\"async\" width=\"776\" height=\"1024\" src=\"https:\/\/erasmus.eoiestepona.org\/wp-content\/uploads\/2025\/10\/WhatsApp-Image-2025-10-30-at-12.38.51-1-776x1024.jpeg\" class=\"attachment-large size-large\" alt=\"\" srcset=\"https:\/\/erasmus.eoiestepona.org\/wp-content\/uploads\/2025\/10\/WhatsApp-Image-2025-10-30-at-12.38.51-1-776x1024.jpeg 776w, https:\/\/erasmus.eoiestepona.org\/wp-content\/uploads\/2025\/10\/WhatsApp-Image-2025-10-30-at-12.38.51-1-227x300.jpeg 227w, https:\/\/erasmus.eoiestepona.org\/wp-content\/uploads\/2025\/10\/WhatsApp-Image-2025-10-30-at-12.38.51-1-768x1013.jpeg 768w, https:\/\/erasmus.eoiestepona.org\/wp-content\/uploads\/2025\/10\/WhatsApp-Image-2025-10-30-at-12.38.51-1-1164x1536.jpeg 1164w, https:\/\/erasmus.eoiestepona.org\/wp-content\/uploads\/2025\/10\/WhatsApp-Image-2025-10-30-at-12.38.51-1.jpeg 1213w\" sizes=\"auto, (max-width: 776px) 100vw, 776px\" \/><\/a>\n\t\t\t<\/dt><\/dl><dl class='gallery-item'>\n\t\t\t<dt class='gallery-icon portrait'>\n\t\t\t\t<a href='https:\/\/erasmus.eoiestepona.org\/?attachment_id=4591'><img loading=\"lazy\" decoding=\"async\" width=\"776\" height=\"1024\" src=\"https:\/\/erasmus.eoiestepona.org\/wp-content\/uploads\/2025\/10\/WhatsApp-Image-2025-10-30-at-12.38.51-776x1024.jpeg\" class=\"attachment-large size-large\" alt=\"\" srcset=\"https:\/\/erasmus.eoiestepona.org\/wp-content\/uploads\/2025\/10\/WhatsApp-Image-2025-10-30-at-12.38.51-776x1024.jpeg 776w, https:\/\/erasmus.eoiestepona.org\/wp-content\/uploads\/2025\/10\/WhatsApp-Image-2025-10-30-at-12.38.51-227x300.jpeg 227w, https:\/\/erasmus.eoiestepona.org\/wp-content\/uploads\/2025\/10\/WhatsApp-Image-2025-10-30-at-12.38.51-768x1013.jpeg 768w, https:\/\/erasmus.eoiestepona.org\/wp-content\/uploads\/2025\/10\/WhatsApp-Image-2025-10-30-at-12.38.51-1164x1536.jpeg 1164w, https:\/\/erasmus.eoiestepona.org\/wp-content\/uploads\/2025\/10\/WhatsApp-Image-2025-10-30-at-12.38.51.jpeg 1213w\" sizes=\"auto, (max-width: 776px) 100vw, 776px\" \/><\/a>\n\t\t\t<\/dt><\/dl><br style=\"clear: both\" \/>\n\t\t<\/div>\n\n<p data-start=\"57\" data-end=\"392\">Hoy hemos tenido la oportunidad de <strong data-start=\"35\" data-end=\"72\">disfrutar de un almuerzo conjunto<\/strong> que ha reunido a todos los <strong data-start=\"100\" data-end=\"149\">participantes de la Erasmus+ Week de Estepona<\/strong> junto con el <strong data-start=\"163\" data-end=\"196\">profesorado de nuestro centro<\/strong>. \ud83c\udf7d\ufe0f\ud83e\udd1d Este encuentro ha sido un momento perfecto para <strong data-start=\"252\" data-end=\"361\">compartir experiencias, fortalecer lazos y seguir fomentando el esp\u00edritu europeo de cooperaci\u00f3n y amistad<\/strong> que caracteriza a este proyecto. En un ambiente distendido y cordial, hemos podido conversar, intercambiar impresiones y celebrar juntos todo lo vivido durante estos d\u00edas de aprendizaje, cultura y convivencia.<\/p>\n\n\t\t<style type=\"text\/css\">\n\t\t\t#gallery-6 {\n\t\t\t\tmargin: auto;\n\t\t\t}\n\t\t\t#gallery-6 .gallery-item {\n\t\t\t\tfloat: left;\n\t\t\t\tmargin-top: 10px;\n\t\t\t\ttext-align: center;\n\t\t\t\twidth: 50%;\n\t\t\t}\n\t\t\t#gallery-6 img {\n\t\t\t\tborder: 2px solid #cfcfcf;\n\t\t\t}\n\t\t\t#gallery-6 .gallery-caption {\n\t\t\t\tmargin-left: 0;\n\t\t\t}\n\t\t\t\/* see gallery_shortcode() in wp-includes\/media.php *\/\n\t\t<\/style>\n\t\t<div id='gallery-6' class='gallery galleryid-4503 gallery-columns-2 gallery-size-large'><dl class='gallery-item'>\n\t\t\t<dt class='gallery-icon landscape'>\n\t\t\t\t<a href='https:\/\/erasmus.eoiestepona.org\/?attachment_id=4603'><img loading=\"lazy\" decoding=\"async\" width=\"1024\" height=\"1024\" src=\"https:\/\/erasmus.eoiestepona.org\/wp-content\/uploads\/2025\/10\/WhatsApp-Image-2025-10-30-at-17.31.02-1-1024x1024.jpeg\" class=\"attachment-large size-large\" alt=\"\" srcset=\"https:\/\/erasmus.eoiestepona.org\/wp-content\/uploads\/2025\/10\/WhatsApp-Image-2025-10-30-at-17.31.02-1-1024x1024.jpeg 1024w, https:\/\/erasmus.eoiestepona.org\/wp-content\/uploads\/2025\/10\/WhatsApp-Image-2025-10-30-at-17.31.02-1-300x300.jpeg 300w, https:\/\/erasmus.eoiestepona.org\/wp-content\/uploads\/2025\/10\/WhatsApp-Image-2025-10-30-at-17.31.02-1-150x150.jpeg 150w, https:\/\/erasmus.eoiestepona.org\/wp-content\/uploads\/2025\/10\/WhatsApp-Image-2025-10-30-at-17.31.02-1-768x768.jpeg 768w, https:\/\/erasmus.eoiestepona.org\/wp-content\/uploads\/2025\/10\/WhatsApp-Image-2025-10-30-at-17.31.02-1-1536x1536.jpeg 1536w, https:\/\/erasmus.eoiestepona.org\/wp-content\/uploads\/2025\/10\/WhatsApp-Image-2025-10-30-at-17.31.02-1.jpeg 2048w\" sizes=\"auto, (max-width: 1024px) 100vw, 1024px\" \/><\/a>\n\t\t\t<\/dt><\/dl><dl class='gallery-item'>\n\t\t\t<dt class='gallery-icon landscape'>\n\t\t\t\t<a href='https:\/\/erasmus.eoiestepona.org\/?attachment_id=4604'><img loading=\"lazy\" decoding=\"async\" width=\"1024\" height=\"1024\" src=\"https:\/\/erasmus.eoiestepona.org\/wp-content\/uploads\/2025\/10\/WhatsApp-Image-2025-10-30-at-17.31.02-1024x1024.jpeg\" class=\"attachment-large size-large\" alt=\"\" srcset=\"https:\/\/erasmus.eoiestepona.org\/wp-content\/uploads\/2025\/10\/WhatsApp-Image-2025-10-30-at-17.31.02-1024x1024.jpeg 1024w, https:\/\/erasmus.eoiestepona.org\/wp-content\/uploads\/2025\/10\/WhatsApp-Image-2025-10-30-at-17.31.02-300x300.jpeg 300w, https:\/\/erasmus.eoiestepona.org\/wp-content\/uploads\/2025\/10\/WhatsApp-Image-2025-10-30-at-17.31.02-150x150.jpeg 150w, https:\/\/erasmus.eoiestepona.org\/wp-content\/uploads\/2025\/10\/WhatsApp-Image-2025-10-30-at-17.31.02-768x768.jpeg 768w, https:\/\/erasmus.eoiestepona.org\/wp-content\/uploads\/2025\/10\/WhatsApp-Image-2025-10-30-at-17.31.02-1536x1536.jpeg 1536w, https:\/\/erasmus.eoiestepona.org\/wp-content\/uploads\/2025\/10\/WhatsApp-Image-2025-10-30-at-17.31.02.jpeg 2048w\" sizes=\"auto, (max-width: 1024px) 100vw, 1024px\" \/><\/a>\n\t\t\t<\/dt><\/dl><br style=\"clear: both\" \/>\n\t\t<\/div>\n\n<p class=\"\" data-start=\"57\" data-end=\"392\">En esta <strong data-start=\"60\" data-end=\"78\">cuarta jornada<\/strong>\u00a0de la Erasmus+ Week 2025 ha estado dedicada a la creatividad en el aula y a la ense\u00f1anza de idiomas a trav\u00e9s de metodolog\u00edas activas, din\u00e1micas y sin el uso de libro de texto. La encargada de guiar esta enriquecedora sesi\u00f3n ha sido\u00a0<strong data-start=\"311\" data-end=\"325\">Ana Flores<\/strong>, profesora de ingl\u00e9s de la EOI Estepona.<\/p>\n<p class=\"\" data-start=\"394\" data-end=\"918\">Ana ha compartido con los docentes visitantes el trabajo desarrollado en el marco del proyecto\u00a0<strong data-start=\"489\" data-end=\"551\">Erasmus+ KA210 \u00ab<a href=\"https:\/\/erasmus.eoiestepona.org\/?page_id=2474\">EASY TOOLS FOR FOREIGN LANGUAGE EDUCATORS<\/a>\u00ab<\/strong>, en el que particip\u00f3 junto a otros docentes del centro. Este proyecto europeo, centrado en la ense\u00f1anza de idiomas a personas adultas, culmin\u00f3 con la creaci\u00f3n de un\u00a0<strong data-start=\"717\" data-end=\"777\">libro recopilatorio de m\u00e1s de 100 actividades did\u00e1cticas<\/strong>\u00a0dise\u00f1adas para ense\u00f1ar sin necesidad de libro de texto, fomentando la interacci\u00f3n, la participaci\u00f3n activa y el aprendizaje significativo.<\/p>\n\n\t\t<style type=\"text\/css\">\n\t\t\t#gallery-7 {\n\t\t\t\tmargin: auto;\n\t\t\t}\n\t\t\t#gallery-7 .gallery-item {\n\t\t\t\tfloat: left;\n\t\t\t\tmargin-top: 10px;\n\t\t\t\ttext-align: center;\n\t\t\t\twidth: 50%;\n\t\t\t}\n\t\t\t#gallery-7 img {\n\t\t\t\tborder: 2px solid #cfcfcf;\n\t\t\t}\n\t\t\t#gallery-7 .gallery-caption {\n\t\t\t\tmargin-left: 0;\n\t\t\t}\n\t\t\t\/* see gallery_shortcode() in wp-includes\/media.php *\/\n\t\t<\/style>\n\t\t<div id='gallery-7' class='gallery galleryid-4503 gallery-columns-2 gallery-size-large'><dl class='gallery-item'>\n\t\t\t<dt class='gallery-icon landscape'>\n\t\t\t\t<a href='https:\/\/erasmus.eoiestepona.org\/?attachment_id=4596'><img loading=\"lazy\" decoding=\"async\" width=\"1024\" height=\"1024\" src=\"https:\/\/erasmus.eoiestepona.org\/wp-content\/uploads\/2025\/10\/ana01-1024x1024.jpeg\" class=\"attachment-large size-large\" alt=\"\" srcset=\"https:\/\/erasmus.eoiestepona.org\/wp-content\/uploads\/2025\/10\/ana01-1024x1024.jpeg 1024w, https:\/\/erasmus.eoiestepona.org\/wp-content\/uploads\/2025\/10\/ana01-300x300.jpeg 300w, https:\/\/erasmus.eoiestepona.org\/wp-content\/uploads\/2025\/10\/ana01-150x150.jpeg 150w, https:\/\/erasmus.eoiestepona.org\/wp-content\/uploads\/2025\/10\/ana01-768x768.jpeg 768w, https:\/\/erasmus.eoiestepona.org\/wp-content\/uploads\/2025\/10\/ana01-1536x1536.jpeg 1536w, https:\/\/erasmus.eoiestepona.org\/wp-content\/uploads\/2025\/10\/ana01.jpeg 2048w\" sizes=\"auto, (max-width: 1024px) 100vw, 1024px\" \/><\/a>\n\t\t\t<\/dt><\/dl><dl class='gallery-item'>\n\t\t\t<dt class='gallery-icon landscape'>\n\t\t\t\t<a href='https:\/\/erasmus.eoiestepona.org\/?attachment_id=4601'><img loading=\"lazy\" decoding=\"async\" width=\"1024\" height=\"1024\" src=\"https:\/\/erasmus.eoiestepona.org\/wp-content\/uploads\/2025\/10\/ana02-1024x1024.jpeg\" class=\"attachment-large size-large\" alt=\"\" srcset=\"https:\/\/erasmus.eoiestepona.org\/wp-content\/uploads\/2025\/10\/ana02-1024x1024.jpeg 1024w, https:\/\/erasmus.eoiestepona.org\/wp-content\/uploads\/2025\/10\/ana02-300x300.jpeg 300w, https:\/\/erasmus.eoiestepona.org\/wp-content\/uploads\/2025\/10\/ana02-150x150.jpeg 150w, https:\/\/erasmus.eoiestepona.org\/wp-content\/uploads\/2025\/10\/ana02-768x768.jpeg 768w, https:\/\/erasmus.eoiestepona.org\/wp-content\/uploads\/2025\/10\/ana02-1536x1536.jpeg 1536w, https:\/\/erasmus.eoiestepona.org\/wp-content\/uploads\/2025\/10\/ana02.jpeg 2048w\" sizes=\"auto, (max-width: 1024px) 100vw, 1024px\" \/><\/a>\n\t\t\t<\/dt><\/dl><br style=\"clear: both\" \/>\n\t\t<\/div>\n\n<p class=\"\" data-start=\"920\" data-end=\"1152\">Durante el taller, los participantes han podido\u00a0<strong data-start=\"968\" data-end=\"1003\">descubrir, probar y reflexionar<\/strong>\u00a0sobre muchas de las actividades incluidas en este valioso recurso. La sesi\u00f3n se ha estructurado en torno a las cinco grandes categor\u00edas del libro:<\/p>\n<ul data-start=\"1153\" data-end=\"1641\">\n<li class=\"\" data-start=\"1153\" data-end=\"1243\">\n<p class=\"\" data-start=\"1155\" data-end=\"1243\"><strong data-start=\"1155\" data-end=\"1174\">Energizer games<\/strong>, juegos breves para activar al grupo y crear un ambiente din\u00e1mico,<\/p>\n<\/li>\n<li class=\"\" data-start=\"1244\" data-end=\"1336\">\n<p class=\"\" data-start=\"1246\" data-end=\"1336\"><strong data-start=\"1246\" data-end=\"1266\">Vocabulary games<\/strong>, centrados en la adquisici\u00f3n y pr\u00e1ctica del l\u00e9xico de forma l\u00fadica,<\/p>\n<\/li>\n<li class=\"\" data-start=\"1337\" data-end=\"1446\">\n<p class=\"\" data-start=\"1339\" data-end=\"1446\"><strong data-start=\"1339\" data-end=\"1356\">Grammar games<\/strong>, que permiten trabajar estructuras gramaticales mediante el juego y la experimentaci\u00f3n,<\/p>\n<\/li>\n<li class=\"\" data-start=\"1447\" data-end=\"1536\">\n<p class=\"\" data-start=\"1449\" data-end=\"1536\"><strong data-start=\"1449\" data-end=\"1466\">Writing games<\/strong>, pensados para desarrollar la expresi\u00f3n escrita de manera creativa,<\/p>\n<\/li>\n<li class=\"\" data-start=\"1537\" data-end=\"1641\">\n<p class=\"\" data-start=\"1539\" data-end=\"1641\"><strong data-start=\"1539\" data-end=\"1557\">Speaking games<\/strong>, dise\u00f1ados para fomentar la comunicaci\u00f3n oral en situaciones reales y divertidas.<\/p>\n<\/li>\n<\/ul>\n<div style=\"position: relative; width: 100%; height: 0; padding-top: 56.2500%; padding-bottom: 0; box-shadow: 0 2px 8px 0 rgba(63,69,81,0.16); margin-top: 1.6em; margin-bottom: 0.9em; overflow: hidden; border-radius: 8px; will-change: transform;\"><iframe style=\"position: absolute; width: 100%; height: 100%; top: 0; left: 0; border: none; padding: 0; margin: 0;\" src=\"https:\/\/www.canva.com\/design\/DAG383X4big\/hUYlzAdL7O4TSRXIYYiB4g\/view?embed\" allowfullscreen=\"allowfullscreen\"><br \/>\n<\/iframe><\/div>\n<p><a href=\"https:\/\/www.canva.com\/design\/DAG383X4big\/hUYlzAdL7O4TSRXIYYiB4g\/view?utm_content=DAG383X4big&amp;utm_campaign=designshare&amp;utm_medium=embeds&amp;utm_source=link\" target=\"_blank\" rel=\"noopener\">Design<\/a> by JUAN ANTONIO ORTIZ CANTOS<\/p>\n<p class=\"\" data-start=\"1643\" data-end=\"2128\">A lo largo de la tarde, los docentes participantes no solo han\u00a0<strong data-start=\"1707\" data-end=\"1729\">jugado y aprendido<\/strong>, sino que tambi\u00e9n han reflexionado sobre c\u00f3mo adaptar estas actividades a sus propios contextos de ense\u00f1anza, independientemente del idioma que impartan. La naturaleza vers\u00e1til del material les ha permitido visualizar m\u00faltiples posibilidades de uso, siempre centradas en el alumnado adulto y en metodolog\u00edas que priorizan el\u00a0<strong data-start=\"2055\" data-end=\"2125\">aprendizaje activo, el trabajo en grupo y la motivaci\u00f3n intr\u00ednseca<\/strong>.<\/p>\n<p class=\"\" data-start=\"2130\" data-end=\"2394\">La sesi\u00f3n ha sido una excelente muestra del potencial de los proyectos Erasmus+ para generar recursos concretos, \u00fatiles y transferibles, as\u00ed como una oportunidad para seguir compartiendo experiencias entre profesionales comprometidos con la innovaci\u00f3n educativa.<\/p>\n<p class=\"\" data-start=\"2396\" data-end=\"2592\">Sin duda, este cuarto d\u00eda ha sido una celebraci\u00f3n de la ense\u00f1anza creativa, del poder del juego como herramienta pedag\u00f3gica y de la colaboraci\u00f3n internacional como motor de cambio en la educaci\u00f3n.<\/p>\n\n\t\t<style type=\"text\/css\">\n\t\t\t#gallery-8 {\n\t\t\t\tmargin: auto;\n\t\t\t}\n\t\t\t#gallery-8 .gallery-item {\n\t\t\t\tfloat: left;\n\t\t\t\tmargin-top: 10px;\n\t\t\t\ttext-align: center;\n\t\t\t\twidth: 50%;\n\t\t\t}\n\t\t\t#gallery-8 img {\n\t\t\t\tborder: 2px solid #cfcfcf;\n\t\t\t}\n\t\t\t#gallery-8 .gallery-caption {\n\t\t\t\tmargin-left: 0;\n\t\t\t}\n\t\t\t\/* see gallery_shortcode() in wp-includes\/media.php *\/\n\t\t<\/style>\n\t\t<div id='gallery-8' class='gallery galleryid-4503 gallery-columns-2 gallery-size-large'><dl class='gallery-item'>\n\t\t\t<dt class='gallery-icon landscape'>\n\t\t\t\t<a href='https:\/\/erasmus.eoiestepona.org\/?attachment_id=4606'><img loading=\"lazy\" decoding=\"async\" width=\"1024\" height=\"1024\" src=\"https:\/\/erasmus.eoiestepona.org\/wp-content\/uploads\/2025\/10\/WhatsApp-Image-2025-10-30-at-18.07.23-1024x1024.jpeg\" class=\"attachment-large size-large\" alt=\"\" srcset=\"https:\/\/erasmus.eoiestepona.org\/wp-content\/uploads\/2025\/10\/WhatsApp-Image-2025-10-30-at-18.07.23-1024x1024.jpeg 1024w, https:\/\/erasmus.eoiestepona.org\/wp-content\/uploads\/2025\/10\/WhatsApp-Image-2025-10-30-at-18.07.23-300x300.jpeg 300w, https:\/\/erasmus.eoiestepona.org\/wp-content\/uploads\/2025\/10\/WhatsApp-Image-2025-10-30-at-18.07.23-150x150.jpeg 150w, https:\/\/erasmus.eoiestepona.org\/wp-content\/uploads\/2025\/10\/WhatsApp-Image-2025-10-30-at-18.07.23-768x768.jpeg 768w, https:\/\/erasmus.eoiestepona.org\/wp-content\/uploads\/2025\/10\/WhatsApp-Image-2025-10-30-at-18.07.23-1536x1536.jpeg 1536w, https:\/\/erasmus.eoiestepona.org\/wp-content\/uploads\/2025\/10\/WhatsApp-Image-2025-10-30-at-18.07.23.jpeg 2048w\" sizes=\"auto, (max-width: 1024px) 100vw, 1024px\" \/><\/a>\n\t\t\t<\/dt><\/dl><dl class='gallery-item'>\n\t\t\t<dt class='gallery-icon landscape'>\n\t\t\t\t<a href='https:\/\/erasmus.eoiestepona.org\/?attachment_id=4608'><img loading=\"lazy\" decoding=\"async\" width=\"1024\" height=\"1024\" src=\"https:\/\/erasmus.eoiestepona.org\/wp-content\/uploads\/2025\/10\/WhatsApp-Image-2025-10-30-at-18.23.45-1024x1024.jpeg\" class=\"attachment-large size-large\" alt=\"\" srcset=\"https:\/\/erasmus.eoiestepona.org\/wp-content\/uploads\/2025\/10\/WhatsApp-Image-2025-10-30-at-18.23.45-1024x1024.jpeg 1024w, https:\/\/erasmus.eoiestepona.org\/wp-content\/uploads\/2025\/10\/WhatsApp-Image-2025-10-30-at-18.23.45-300x300.jpeg 300w, https:\/\/erasmus.eoiestepona.org\/wp-content\/uploads\/2025\/10\/WhatsApp-Image-2025-10-30-at-18.23.45-150x150.jpeg 150w, https:\/\/erasmus.eoiestepona.org\/wp-content\/uploads\/2025\/10\/WhatsApp-Image-2025-10-30-at-18.23.45-768x768.jpeg 768w, https:\/\/erasmus.eoiestepona.org\/wp-content\/uploads\/2025\/10\/WhatsApp-Image-2025-10-30-at-18.23.45-1536x1536.jpeg 1536w, https:\/\/erasmus.eoiestepona.org\/wp-content\/uploads\/2025\/10\/WhatsApp-Image-2025-10-30-at-18.23.45.jpeg 2048w\" sizes=\"auto, (max-width: 1024px) 100vw, 1024px\" \/><\/a>\n\t\t\t<\/dt><\/dl><br style=\"clear: both\" \/>\n\t\t<\/div>\n\n<p data-start=\"2396\" data-end=\"2592\">En la segunda parte de la jornada, celebramos una enriquecedora <strong data-start=\"64\" data-end=\"114\">mesa redonda dedicada a los proyectos Erasmus+<\/strong> de cada uno de los centros participantes. Fue un espacio de intercambio de experiencias, buenas pr\u00e1cticas e ideas innovadoras, donde profesorado y alumnado compartieron c\u00f3mo sus proyectos est\u00e1n contribuyendo al crecimiento personal, acad\u00e9mico y europeo de sus comunidades educativas. Adem\u00e1s, dado que algunos de nuestros invitados regresaban a sus pa\u00edses el viernes, <strong data-start=\"482\" data-end=\"560\">realizamos de forma anticipada la entrega de certificados de participaci\u00f3n<\/strong>, en un emotivo acto que sirvi\u00f3 para poner en valor la colaboraci\u00f3n, el esfuerzo y la ilusi\u00f3n compartida durante esta intensa y fruct\u00edfera semana.<\/p>\n<p data-start=\"2396\" data-end=\"2592\">Esta tarde, el alumnado que nos visita ha tenido la oportunidad de participar junto al grupo B2.2 de ingl\u00e9s, compartiendo una sesi\u00f3n de aprendizaje y convivencia muy din\u00e1mica. \ud83d\udde3\ufe0f\ud83d\udca1 Tras un breve descanso, se han incorporado a la actividad de Halloween organizada por el departamento de ingl\u00e9s, una divertida gymkana con cinco estaciones que incluye distintas pruebas y retos relacionados con la tem\u00e1tica de esta semana. \ud83c\udf83\ud83d\udc7b La actividad ha sido una forma entretenida de practicar el idioma, trabajar en equipo y sumergirse en la cultura anglosajona de manera l\u00fadica, fomentando la creatividad, la interacci\u00f3n y la diversi\u00f3n en un ambiente lleno de esp\u00edritu internacional. \ud83c\udf0d\u2728<\/p>\n<h2 data-start=\"394\" data-end=\"918\"><strong data-start=\"44\" data-end=\"98\">\u00daltimo d\u00eda de la Erasmus+ Week en la EOI Estepona<\/strong><\/h2>\n<p data-start=\"0\" data-end=\"212\">La \u00faltima jornada de la <strong data-start=\"24\" data-end=\"46\">Erasmus+ Week Octubre 2025<\/strong> en la <strong data-start=\"53\" data-end=\"69\">EOI Estepona<\/strong> ha estado marcada por la cercan\u00eda, la cultura local y el cierre de una semana intensa de formaci\u00f3n, intercambio y convivencia internacional.<\/p>\n<p data-start=\"214\" data-end=\"558\">La ma\u00f1ana ha comenzado con una invitaci\u00f3n a un <strong data-start=\"261\" data-end=\"288\">desayuno t\u00edpico andaluz<\/strong> en el coraz\u00f3n de nuestra ciudad: chocolate con churros. En este ambiente distendido y acogedor, los participantes han podido disfrutar de una de nuestras tradiciones m\u00e1s sabrosas mientras compart\u00edan impresiones, experiencias y momentos vividos durante toda la semana.<\/p>\n<p data-start=\"214\" data-end=\"558\"><img loading=\"lazy\" decoding=\"async\" class=\"aligncenter size-large wp-image-4633\" src=\"https:\/\/erasmus.eoiestepona.org\/wp-content\/uploads\/2025\/10\/WhatsApp-Image-2025-10-31-at-09.54.22-776x1024.jpeg\" alt=\"\" width=\"776\" height=\"1024\" srcset=\"https:\/\/erasmus.eoiestepona.org\/wp-content\/uploads\/2025\/10\/WhatsApp-Image-2025-10-31-at-09.54.22-776x1024.jpeg 776w, https:\/\/erasmus.eoiestepona.org\/wp-content\/uploads\/2025\/10\/WhatsApp-Image-2025-10-31-at-09.54.22-227x300.jpeg 227w, https:\/\/erasmus.eoiestepona.org\/wp-content\/uploads\/2025\/10\/WhatsApp-Image-2025-10-31-at-09.54.22-768x1013.jpeg 768w, https:\/\/erasmus.eoiestepona.org\/wp-content\/uploads\/2025\/10\/WhatsApp-Image-2025-10-31-at-09.54.22-1164x1536.jpeg 1164w, https:\/\/erasmus.eoiestepona.org\/wp-content\/uploads\/2025\/10\/WhatsApp-Image-2025-10-31-at-09.54.22.jpeg 1213w\" sizes=\"auto, (max-width: 776px) 100vw, 776px\" \/><\/p>\n<p data-start=\"560\" data-end=\"909\">A continuaci\u00f3n, se ha celebrado un <strong data-start=\"595\" data-end=\"638\">emotivo acto de entrega de certificados<\/strong>, en el que cada participante ha recibido su reconocimiento por haber formado parte activa de esta experiencia Erasmus+. Ha sido un momento especial de agradecimiento y celebraci\u00f3n del esfuerzo, la colaboraci\u00f3n y el esp\u00edritu europeo que ha caracterizado toda la semana.<\/p>\n\n\t\t<style type=\"text\/css\">\n\t\t\t#gallery-9 {\n\t\t\t\tmargin: auto;\n\t\t\t}\n\t\t\t#gallery-9 .gallery-item {\n\t\t\t\tfloat: left;\n\t\t\t\tmargin-top: 10px;\n\t\t\t\ttext-align: center;\n\t\t\t\twidth: 25%;\n\t\t\t}\n\t\t\t#gallery-9 img {\n\t\t\t\tborder: 2px solid #cfcfcf;\n\t\t\t}\n\t\t\t#gallery-9 .gallery-caption {\n\t\t\t\tmargin-left: 0;\n\t\t\t}\n\t\t\t\/* see gallery_shortcode() in wp-includes\/media.php *\/\n\t\t<\/style>\n\t\t<div id='gallery-9' class='gallery galleryid-4503 gallery-columns-4 gallery-size-large'><dl class='gallery-item'>\n\t\t\t<dt class='gallery-icon portrait'>\n\t\t\t\t<a href='https:\/\/erasmus.eoiestepona.org\/?attachment_id=4632'><img loading=\"lazy\" decoding=\"async\" width=\"768\" height=\"1024\" src=\"https:\/\/erasmus.eoiestepona.org\/wp-content\/uploads\/2025\/10\/WhatsApp-Image-2025-10-31-at-10.40.18-768x1024.jpeg\" class=\"attachment-large size-large\" alt=\"\" srcset=\"https:\/\/erasmus.eoiestepona.org\/wp-content\/uploads\/2025\/10\/WhatsApp-Image-2025-10-31-at-10.40.18-768x1024.jpeg 768w, https:\/\/erasmus.eoiestepona.org\/wp-content\/uploads\/2025\/10\/WhatsApp-Image-2025-10-31-at-10.40.18-225x300.jpeg 225w, https:\/\/erasmus.eoiestepona.org\/wp-content\/uploads\/2025\/10\/WhatsApp-Image-2025-10-31-at-10.40.18-1152x1536.jpeg 1152w, https:\/\/erasmus.eoiestepona.org\/wp-content\/uploads\/2025\/10\/WhatsApp-Image-2025-10-31-at-10.40.18.jpeg 1530w\" sizes=\"auto, (max-width: 768px) 100vw, 768px\" \/><\/a>\n\t\t\t<\/dt><\/dl><dl class='gallery-item'>\n\t\t\t<dt class='gallery-icon portrait'>\n\t\t\t\t<a href='https:\/\/erasmus.eoiestepona.org\/?attachment_id=4631'><img loading=\"lazy\" decoding=\"async\" width=\"768\" height=\"1024\" src=\"https:\/\/erasmus.eoiestepona.org\/wp-content\/uploads\/2025\/10\/WhatsApp-Image-2025-10-31-at-10.40.18-1-768x1024.jpeg\" class=\"attachment-large size-large\" alt=\"\" srcset=\"https:\/\/erasmus.eoiestepona.org\/wp-content\/uploads\/2025\/10\/WhatsApp-Image-2025-10-31-at-10.40.18-1-768x1024.jpeg 768w, https:\/\/erasmus.eoiestepona.org\/wp-content\/uploads\/2025\/10\/WhatsApp-Image-2025-10-31-at-10.40.18-1-225x300.jpeg 225w, https:\/\/erasmus.eoiestepona.org\/wp-content\/uploads\/2025\/10\/WhatsApp-Image-2025-10-31-at-10.40.18-1-1152x1536.jpeg 1152w, https:\/\/erasmus.eoiestepona.org\/wp-content\/uploads\/2025\/10\/WhatsApp-Image-2025-10-31-at-10.40.18-1.jpeg 1530w\" sizes=\"auto, (max-width: 768px) 100vw, 768px\" \/><\/a>\n\t\t\t<\/dt><\/dl><dl class='gallery-item'>\n\t\t\t<dt class='gallery-icon portrait'>\n\t\t\t\t<a href='https:\/\/erasmus.eoiestepona.org\/?attachment_id=4630'><img loading=\"lazy\" decoding=\"async\" width=\"768\" height=\"1024\" src=\"https:\/\/erasmus.eoiestepona.org\/wp-content\/uploads\/2025\/10\/WhatsApp-Image-2025-10-31-at-10.40.18-2-768x1024.jpeg\" class=\"attachment-large size-large\" alt=\"\" srcset=\"https:\/\/erasmus.eoiestepona.org\/wp-content\/uploads\/2025\/10\/WhatsApp-Image-2025-10-31-at-10.40.18-2-768x1024.jpeg 768w, https:\/\/erasmus.eoiestepona.org\/wp-content\/uploads\/2025\/10\/WhatsApp-Image-2025-10-31-at-10.40.18-2-225x300.jpeg 225w, https:\/\/erasmus.eoiestepona.org\/wp-content\/uploads\/2025\/10\/WhatsApp-Image-2025-10-31-at-10.40.18-2-1152x1536.jpeg 1152w, https:\/\/erasmus.eoiestepona.org\/wp-content\/uploads\/2025\/10\/WhatsApp-Image-2025-10-31-at-10.40.18-2.jpeg 1530w\" sizes=\"auto, (max-width: 768px) 100vw, 768px\" \/><\/a>\n\t\t\t<\/dt><\/dl><dl class='gallery-item'>\n\t\t\t<dt class='gallery-icon portrait'>\n\t\t\t\t<a href='https:\/\/erasmus.eoiestepona.org\/?attachment_id=4629'><img loading=\"lazy\" decoding=\"async\" width=\"768\" height=\"1024\" src=\"https:\/\/erasmus.eoiestepona.org\/wp-content\/uploads\/2025\/10\/WhatsApp-Image-2025-10-31-at-10.40.18-3-768x1024.jpeg\" class=\"attachment-large size-large\" alt=\"\" srcset=\"https:\/\/erasmus.eoiestepona.org\/wp-content\/uploads\/2025\/10\/WhatsApp-Image-2025-10-31-at-10.40.18-3-768x1024.jpeg 768w, https:\/\/erasmus.eoiestepona.org\/wp-content\/uploads\/2025\/10\/WhatsApp-Image-2025-10-31-at-10.40.18-3-225x300.jpeg 225w, https:\/\/erasmus.eoiestepona.org\/wp-content\/uploads\/2025\/10\/WhatsApp-Image-2025-10-31-at-10.40.18-3-1152x1536.jpeg 1152w, https:\/\/erasmus.eoiestepona.org\/wp-content\/uploads\/2025\/10\/WhatsApp-Image-2025-10-31-at-10.40.18-3.jpeg 1530w\" sizes=\"auto, (max-width: 768px) 100vw, 768px\" \/><\/a>\n\t\t\t<\/dt><\/dl><br style=\"clear: both\" \/><dl class='gallery-item'>\n\t\t\t<dt class='gallery-icon portrait'>\n\t\t\t\t<a href='https:\/\/erasmus.eoiestepona.org\/?attachment_id=4628'><img loading=\"lazy\" decoding=\"async\" width=\"768\" height=\"1024\" src=\"https:\/\/erasmus.eoiestepona.org\/wp-content\/uploads\/2025\/10\/WhatsApp-Image-2025-10-31-at-10.40.18-4-768x1024.jpeg\" class=\"attachment-large size-large\" alt=\"\" srcset=\"https:\/\/erasmus.eoiestepona.org\/wp-content\/uploads\/2025\/10\/WhatsApp-Image-2025-10-31-at-10.40.18-4-768x1024.jpeg 768w, https:\/\/erasmus.eoiestepona.org\/wp-content\/uploads\/2025\/10\/WhatsApp-Image-2025-10-31-at-10.40.18-4-225x300.jpeg 225w, https:\/\/erasmus.eoiestepona.org\/wp-content\/uploads\/2025\/10\/WhatsApp-Image-2025-10-31-at-10.40.18-4-1152x1536.jpeg 1152w, https:\/\/erasmus.eoiestepona.org\/wp-content\/uploads\/2025\/10\/WhatsApp-Image-2025-10-31-at-10.40.18-4.jpeg 1530w\" sizes=\"auto, (max-width: 768px) 100vw, 768px\" \/><\/a>\n\t\t\t<\/dt><\/dl><dl class='gallery-item'>\n\t\t\t<dt class='gallery-icon portrait'>\n\t\t\t\t<a href='https:\/\/erasmus.eoiestepona.org\/?attachment_id=4627'><img loading=\"lazy\" decoding=\"async\" width=\"768\" height=\"1024\" src=\"https:\/\/erasmus.eoiestepona.org\/wp-content\/uploads\/2025\/10\/WhatsApp-Image-2025-10-31-at-10.40.18-5-768x1024.jpeg\" class=\"attachment-large size-large\" alt=\"\" srcset=\"https:\/\/erasmus.eoiestepona.org\/wp-content\/uploads\/2025\/10\/WhatsApp-Image-2025-10-31-at-10.40.18-5-768x1024.jpeg 768w, https:\/\/erasmus.eoiestepona.org\/wp-content\/uploads\/2025\/10\/WhatsApp-Image-2025-10-31-at-10.40.18-5-225x300.jpeg 225w, https:\/\/erasmus.eoiestepona.org\/wp-content\/uploads\/2025\/10\/WhatsApp-Image-2025-10-31-at-10.40.18-5-1152x1536.jpeg 1152w, https:\/\/erasmus.eoiestepona.org\/wp-content\/uploads\/2025\/10\/WhatsApp-Image-2025-10-31-at-10.40.18-5.jpeg 1530w\" sizes=\"auto, (max-width: 768px) 100vw, 768px\" \/><\/a>\n\t\t\t<\/dt><\/dl><dl class='gallery-item'>\n\t\t\t<dt class='gallery-icon portrait'>\n\t\t\t\t<a href='https:\/\/erasmus.eoiestepona.org\/?attachment_id=4625'><img loading=\"lazy\" decoding=\"async\" width=\"768\" height=\"1024\" src=\"https:\/\/erasmus.eoiestepona.org\/wp-content\/uploads\/2025\/10\/WhatsApp-Image-2025-10-31-at-10.40.17-768x1024.jpeg\" class=\"attachment-large size-large\" alt=\"\" srcset=\"https:\/\/erasmus.eoiestepona.org\/wp-content\/uploads\/2025\/10\/WhatsApp-Image-2025-10-31-at-10.40.17-768x1024.jpeg 768w, https:\/\/erasmus.eoiestepona.org\/wp-content\/uploads\/2025\/10\/WhatsApp-Image-2025-10-31-at-10.40.17-225x300.jpeg 225w, https:\/\/erasmus.eoiestepona.org\/wp-content\/uploads\/2025\/10\/WhatsApp-Image-2025-10-31-at-10.40.17-1152x1536.jpeg 1152w, https:\/\/erasmus.eoiestepona.org\/wp-content\/uploads\/2025\/10\/WhatsApp-Image-2025-10-31-at-10.40.17.jpeg 1530w\" sizes=\"auto, (max-width: 768px) 100vw, 768px\" \/><\/a>\n\t\t\t<\/dt><\/dl><dl class='gallery-item'>\n\t\t\t<dt class='gallery-icon portrait'>\n\t\t\t\t<a href='https:\/\/erasmus.eoiestepona.org\/?attachment_id=4626'><img loading=\"lazy\" decoding=\"async\" width=\"768\" height=\"1024\" src=\"https:\/\/erasmus.eoiestepona.org\/wp-content\/uploads\/2025\/10\/WhatsApp-Image-2025-10-31-at-10.40.18-6-768x1024.jpeg\" class=\"attachment-large size-large\" alt=\"\" srcset=\"https:\/\/erasmus.eoiestepona.org\/wp-content\/uploads\/2025\/10\/WhatsApp-Image-2025-10-31-at-10.40.18-6-768x1024.jpeg 768w, https:\/\/erasmus.eoiestepona.org\/wp-content\/uploads\/2025\/10\/WhatsApp-Image-2025-10-31-at-10.40.18-6-225x300.jpeg 225w, https:\/\/erasmus.eoiestepona.org\/wp-content\/uploads\/2025\/10\/WhatsApp-Image-2025-10-31-at-10.40.18-6-1152x1536.jpeg 1152w, https:\/\/erasmus.eoiestepona.org\/wp-content\/uploads\/2025\/10\/WhatsApp-Image-2025-10-31-at-10.40.18-6.jpeg 1530w\" sizes=\"auto, (max-width: 768px) 100vw, 768px\" \/><\/a>\n\t\t\t<\/dt><\/dl><br style=\"clear: both\" \/>\n\t\t<\/div>\n\n<p data-start=\"911\" data-end=\"1447\">Despu\u00e9s, el grupo ha recorrido las calles del centro para realizar la<a href=\"https:\/\/www.eoiestepona.org\/web\/ruta-de-los-murales-de-estepona\/\"> <strong data-start=\"981\" data-end=\"1015\">Ruta de los Murales Art\u00edsticos<\/strong><\/a>, una de las se\u00f1as de identidad m\u00e1s representativas de nuestra ciudad y del que la EOI Estepona tiene un proyecto con su alumnado. El alumnado de la EOI Estepona tiene explicado los murales de la ciudad en<a href=\"https:\/\/www.eoiestepona.org\/web\/ruta-de-los-murales-de-estepona\/\"> la web del centro<\/a>.\u00a0 Durante el paseo, los participantes han podido admirar las impresionantes obras que decoran las fachadas de numerosos edificios, reflejando la historia, el arte y la creatividad que llenan de color y vida a Estepona. Ha sido una oportunidad magn\u00edfica para descubrir el patrimonio urbano y cultural local desde una perspectiva diferente y llena de inspiraci\u00f3n.<\/p>\n<p data-start=\"911\" data-end=\"1447\"><img loading=\"lazy\" decoding=\"async\" class=\"aligncenter size-large wp-image-4624\" src=\"https:\/\/erasmus.eoiestepona.org\/wp-content\/uploads\/2025\/10\/WhatsApp-Image-2025-10-31-at-10.40.17-1-1024x768.jpeg\" alt=\"\" width=\"1024\" height=\"768\" srcset=\"https:\/\/erasmus.eoiestepona.org\/wp-content\/uploads\/2025\/10\/WhatsApp-Image-2025-10-31-at-10.40.17-1-1024x768.jpeg 1024w, https:\/\/erasmus.eoiestepona.org\/wp-content\/uploads\/2025\/10\/WhatsApp-Image-2025-10-31-at-10.40.17-1-300x225.jpeg 300w, https:\/\/erasmus.eoiestepona.org\/wp-content\/uploads\/2025\/10\/WhatsApp-Image-2025-10-31-at-10.40.17-1-768x576.jpeg 768w, https:\/\/erasmus.eoiestepona.org\/wp-content\/uploads\/2025\/10\/WhatsApp-Image-2025-10-31-at-10.40.17-1-1536x1152.jpeg 1536w, https:\/\/erasmus.eoiestepona.org\/wp-content\/uploads\/2025\/10\/WhatsApp-Image-2025-10-31-at-10.40.17-1.jpeg 2040w\" sizes=\"auto, (max-width: 1024px) 100vw, 1024px\" \/><\/p>\n<p data-start=\"1449\" data-end=\"1752\">Desde la <strong data-start=\"1458\" data-end=\"1474\">EOI Estepona<\/strong>, queremos expresar nuestro m\u00e1s sincero agradecimiento a todos los participantes por su implicaci\u00f3n, entusiasmo y esp\u00edritu de colaboraci\u00f3n durante esta semana. Ha sido un verdadero placer compartir con vosotros nuestro centro, nuestras aulas, nuestra cultura y nuestra ciudad.<\/p>\n\n\t\t<style type=\"text\/css\">\n\t\t\t#gallery-10 {\n\t\t\t\tmargin: auto;\n\t\t\t}\n\t\t\t#gallery-10 .gallery-item {\n\t\t\t\tfloat: left;\n\t\t\t\tmargin-top: 10px;\n\t\t\t\ttext-align: center;\n\t\t\t\twidth: 50%;\n\t\t\t}\n\t\t\t#gallery-10 img {\n\t\t\t\tborder: 2px solid #cfcfcf;\n\t\t\t}\n\t\t\t#gallery-10 .gallery-caption {\n\t\t\t\tmargin-left: 0;\n\t\t\t}\n\t\t\t\/* see gallery_shortcode() in wp-includes\/media.php *\/\n\t\t<\/style>\n\t\t<div id='gallery-10' class='gallery galleryid-4503 gallery-columns-2 gallery-size-large'><dl class='gallery-item'>\n\t\t\t<dt class='gallery-icon portrait'>\n\t\t\t\t<a href='https:\/\/erasmus.eoiestepona.org\/?attachment_id=4635'><img loading=\"lazy\" decoding=\"async\" width=\"776\" height=\"1024\" src=\"https:\/\/erasmus.eoiestepona.org\/wp-content\/uploads\/2025\/10\/WhatsApp-Image-2025-10-31-at-13.36.40-776x1024.jpeg\" class=\"attachment-large size-large\" alt=\"\" srcset=\"https:\/\/erasmus.eoiestepona.org\/wp-content\/uploads\/2025\/10\/WhatsApp-Image-2025-10-31-at-13.36.40-776x1024.jpeg 776w, https:\/\/erasmus.eoiestepona.org\/wp-content\/uploads\/2025\/10\/WhatsApp-Image-2025-10-31-at-13.36.40-227x300.jpeg 227w, https:\/\/erasmus.eoiestepona.org\/wp-content\/uploads\/2025\/10\/WhatsApp-Image-2025-10-31-at-13.36.40-768x1013.jpeg 768w, https:\/\/erasmus.eoiestepona.org\/wp-content\/uploads\/2025\/10\/WhatsApp-Image-2025-10-31-at-13.36.40-1164x1536.jpeg 1164w, https:\/\/erasmus.eoiestepona.org\/wp-content\/uploads\/2025\/10\/WhatsApp-Image-2025-10-31-at-13.36.40.jpeg 1213w\" sizes=\"auto, (max-width: 776px) 100vw, 776px\" \/><\/a>\n\t\t\t<\/dt><\/dl><dl class='gallery-item'>\n\t\t\t<dt class='gallery-icon portrait'>\n\t\t\t\t<a href='https:\/\/erasmus.eoiestepona.org\/?attachment_id=4636'><img loading=\"lazy\" decoding=\"async\" width=\"776\" height=\"1024\" src=\"https:\/\/erasmus.eoiestepona.org\/wp-content\/uploads\/2025\/10\/WhatsApp-Image-2025-10-31-at-13.36.29-776x1024.jpeg\" class=\"attachment-large size-large\" alt=\"\" srcset=\"https:\/\/erasmus.eoiestepona.org\/wp-content\/uploads\/2025\/10\/WhatsApp-Image-2025-10-31-at-13.36.29-776x1024.jpeg 776w, https:\/\/erasmus.eoiestepona.org\/wp-content\/uploads\/2025\/10\/WhatsApp-Image-2025-10-31-at-13.36.29-227x300.jpeg 227w, https:\/\/erasmus.eoiestepona.org\/wp-content\/uploads\/2025\/10\/WhatsApp-Image-2025-10-31-at-13.36.29-768x1013.jpeg 768w, https:\/\/erasmus.eoiestepona.org\/wp-content\/uploads\/2025\/10\/WhatsApp-Image-2025-10-31-at-13.36.29-1164x1536.jpeg 1164w, https:\/\/erasmus.eoiestepona.org\/wp-content\/uploads\/2025\/10\/WhatsApp-Image-2025-10-31-at-13.36.29.jpeg 1213w\" sizes=\"auto, (max-width: 776px) 100vw, 776px\" \/><\/a>\n\t\t\t<\/dt><\/dl><br style=\"clear: both\" \/>\n\t\t<\/div>\n\n<p data-start=\"1754\" data-end=\"1956\" data-is-last-node=\"\" data-is-only-node=\"\">Esperamos que esta estancia os haya resultado enriquecedora, tanto a nivel profesional como personal, y que os llev\u00e9is con vosotros un grato recuerdo de <strong data-start=\"1907\" data-end=\"1940\">Estepona y de nuestra escuela<\/strong>. \u00a1Hasta pronto!<\/p>\n","protected":false},"excerpt":{"rendered":"<p>La Escuela Oficial de Idiomas de Estepona celebr\u00f3 con gran entusiasmo su\u00a0Erasmus+ Week 2025 October, un evento internacional que reuni\u00f3 a\u00a020 participantes, profesorado y alumando, procedentes de seis pa\u00edses europeos: Estonia, Eslovaquia, Eslovenia, Austria, Suecia y Turqu\u00eda. Durante esta semana, los participantes tuvieron la oportunidad de\u00a0formarse en tecnolog\u00edas emergentes, con especial atenci\u00f3n a la\u00a0Inteligencia Artificial [&hellip;]<\/p>\n","protected":false},"author":1,"featured_media":0,"parent":0,"menu_order":0,"comment_status":"closed","ping_status":"closed","template":"","meta":{"footnotes":""},"class_list":["post-4503","page","type-page","status-publish","hentry"],"_links":{"self":[{"href":"https:\/\/erasmus.eoiestepona.org\/index.php?rest_route=\/wp\/v2\/pages\/4503","targetHints":{"allow":["GET"]}}],"collection":[{"href":"https:\/\/erasmus.eoiestepona.org\/index.php?rest_route=\/wp\/v2\/pages"}],"about":[{"href":"https:\/\/erasmus.eoiestepona.org\/index.php?rest_route=\/wp\/v2\/types\/page"}],"author":[{"embeddable":true,"href":"https:\/\/erasmus.eoiestepona.org\/index.php?rest_route=\/wp\/v2\/users\/1"}],"replies":[{"embeddable":true,"href":"https:\/\/erasmus.eoiestepona.org\/index.php?rest_route=%2Fwp%2Fv2%2Fcomments&post=4503"}],"version-history":[{"count":30,"href":"https:\/\/erasmus.eoiestepona.org\/index.php?rest_route=\/wp\/v2\/pages\/4503\/revisions"}],"predecessor-version":[{"id":4659,"href":"https:\/\/erasmus.eoiestepona.org\/index.php?rest_route=\/wp\/v2\/pages\/4503\/revisions\/4659"}],"wp:attachment":[{"href":"https:\/\/erasmus.eoiestepona.org\/index.php?rest_route=%2Fwp%2Fv2%2Fmedia&parent=4503"}],"curies":[{"name":"wp","href":"https:\/\/api.w.org\/{rel}","templated":true}]}}