{"id":5379,"date":"2026-04-27T10:26:31","date_gmt":"2026-04-27T08:26:31","guid":{"rendered":"https:\/\/erasmus.eoiestepona.org\/?page_id=5379"},"modified":"2026-04-27T10:42:34","modified_gmt":"2026-04-27T08:42:34","slug":"experta-invitada-chiara-torrisi","status":"publish","type":"page","link":"https:\/\/erasmus.eoiestepona.org\/?page_id=5379","title":{"rendered":"Experta invitada \u2013 Chiara Torrisi"},"content":{"rendered":"<p data-start=\"81\" data-end=\"363\">Del <strong data-start=\"85\" data-end=\"114\">21 al 23 de abril de 2026<\/strong>, la <strong data-start=\"119\" data-end=\"135\">EOI Estepona<\/strong> ha tenido el placer de recibir a <strong data-start=\"169\" data-end=\"193\">Chiara Maria Torrisi<\/strong>, profesora del <strong data-start=\"209\" data-end=\"250\"><span class=\"hover:entity-accent entity-underline inline cursor-pointer align-baseline\"><span class=\"whitespace-normal\">CPIA 1 Torino<\/span><\/span><\/strong>, como <strong data-start=\"257\" data-end=\"277\">experta invitada<\/strong> dentro de nuestro proyecto acreditado <strong data-start=\"316\" data-end=\"360\">Erasmus+ 2024-1-ES01-KA121-ADU-000203934<\/strong>.<\/p>\n<div class=\"no-scrollbar flex min-h-36 flex-nowrap gap-0.5 overflow-auto sm:gap-1 sm:overflow-hidden xl:min-h-44 mt-1 mb-5 not-first:mt-4\">\n<div class=\"border-token-border-default relative w-32 shrink-0 overflow-hidden rounded-xl border-[0.5px] md:shrink max-h-64 sm:w-[calc((100%-0.5rem)\/3)] rounded-s-xl\"><\/div>\n<div class=\"border-token-border-default relative w-32 shrink-0 overflow-hidden rounded-xl border-[0.5px] md:shrink max-h-64 sm:w-[calc((100%-0.5rem)\/3)] rounded-e-xl\">\n<div class=\"group\/search-image @container\/search-image relative rounded-[inherit] h-full w-full\">\n<div class=\"pointer-events-none absolute inset-x-2 bottom-2 z-0 flex max-w-[calc(100%-1rem)] flex-wrap items-end justify-end gap-1.5\">\n<div class=\"shrink-0\">\n<div class=\"flex items-center gap-1 rounded-full px-2 py-1.5 text-white backdrop-blur-md backdrop-brightness-75\">Durante su estancia, esta actividad ha tenido como finalidad principal <strong data-start=\"478\" data-end=\"705\">reforzar las competencias del profesorado de la EOI Estepona en el \u00e1mbito de la inclusi\u00f3n educativa, la atenci\u00f3n a la diversidad cultural y la incorporaci\u00f3n de metodolog\u00edas innovadoras en la ense\u00f1anza de lenguas extranjeras<\/strong>.<\/div>\n<\/div>\n<\/div>\n<\/div>\n<\/div>\n<\/div>\n<h3 data-section-id=\"mfvw1n\" data-start=\"710\" data-end=\"751\">Objetivos espec\u00edficos de la movilidad<\/h3>\n<p data-start=\"753\" data-end=\"821\">Con esta visita se ha buscado que el profesorado participante pueda:<\/p>\n<ul data-start=\"823\" data-end=\"1431\">\n<li data-section-id=\"1aoqvhx\" data-start=\"823\" data-end=\"922\">Conocer modelos europeos de ense\u00f1anza dirigidos a alumnado adulto en contextos multiculturales.<\/li>\n<li data-section-id=\"rdu6i4\" data-start=\"923\" data-end=\"1029\">Adquirir estrategias pr\u00e1cticas para la gesti\u00f3n de aulas con diversidad ling\u00fc\u00edstica, cultural y social.<\/li>\n<li data-section-id=\"12fxl28\" data-start=\"1030\" data-end=\"1124\">Incorporar metodolog\u00edas activas basadas en proyectos aplicables a la ense\u00f1anza de idiomas.<\/li>\n<li data-section-id=\"1hgbnql\" data-start=\"1125\" data-end=\"1246\">Reforzar la capacidad para promover la igualdad de oportunidades y prevenir situaciones de discriminaci\u00f3n en el aula.<\/li>\n<li data-section-id=\"1jm4ah7\" data-start=\"1247\" data-end=\"1330\">Ampliar competencias para adaptar actividades did\u00e1cticas a grupos heterog\u00e9neos.<\/li>\n<li data-section-id=\"ivhui5\" data-start=\"1331\" data-end=\"1431\">Desarrollar una perspectiva intercultural m\u00e1s amplia en el dise\u00f1o de situaciones de aprendizaje.<\/li>\n<\/ul>\n<h3 data-section-id=\"1gbkm98\" data-start=\"1433\" data-end=\"1464\">Impacto para nuestro centro<\/h3>\n<p data-start=\"1466\" data-end=\"1508\">Asimismo, esta movilidad ha contribuido a:<\/p>\n<ul data-start=\"1510\" data-end=\"2008\">\n<li data-section-id=\"wnntk9\" data-start=\"1510\" data-end=\"1588\">Favorecer el intercambio de buenas pr\u00e1cticas entre instituciones europeas.<\/li>\n<li data-section-id=\"1trpnbp\" data-start=\"1589\" data-end=\"1642\">Fortalecer la dimensi\u00f3n internacional del centro.<\/li>\n<li data-section-id=\"11l0nau\" data-start=\"1643\" data-end=\"1775\">Enriquecer la pr\u00e1ctica docente mediante la transferencia de experiencias desarrolladas en contextos de alta diversidad cultural.<\/li>\n<li data-section-id=\"13u7fh1\" data-start=\"1776\" data-end=\"1859\">Impulsar metodolog\u00edas que fomenten la participaci\u00f3n activa del alumnado adulto.<\/li>\n<li data-section-id=\"132wa5l\" data-start=\"1860\" data-end=\"2008\">Mejorar la capacidad institucional del centro para responder a nuevos retos educativos vinculados a la inclusi\u00f3n y la convivencia intercultural.<\/li>\n<\/ul>\n<p data-start=\"2010\" data-end=\"2237\">Se espera igualmente que las pr\u00e1cticas compartidas durante estos d\u00edas puedan incorporarse progresivamente a la actividad docente ordinaria del centro, generando un impacto positivo tanto en el profesorado como en el alumnado.<\/p>\n<h2 data-start=\"2010\" data-end=\"2237\">Programa<\/h2>\n<p><img loading=\"lazy\" decoding=\"async\" class=\"aligncenter wp-image-5388 size-full\" src=\"https:\/\/erasmus.eoiestepona.org\/wp-content\/uploads\/2026\/04\/timetable.jpg\" alt=\"\" width=\"570\" height=\"243\" srcset=\"https:\/\/erasmus.eoiestepona.org\/wp-content\/uploads\/2026\/04\/timetable.jpg 570w, https:\/\/erasmus.eoiestepona.org\/wp-content\/uploads\/2026\/04\/timetable-300x128.jpg 300w\" sizes=\"auto, (max-width: 570px) 100vw, 570px\" \/><\/p>\n<h3 data-section-id=\"m52hyx\" data-start=\"0\" data-end=\"76\">Actividades desarrolladas durante la visita de experta invitada Erasmus+<\/h3>\n<p data-start=\"78\" data-end=\"366\">Durante los d\u00edas <strong data-start=\"95\" data-end=\"124\">21 al 23 de abril de 2026<\/strong>, la profesora <strong data-start=\"139\" data-end=\"163\">Chiara Maria Torrisi<\/strong>, del <strong data-start=\"169\" data-end=\"186\">CPIA 1 Torino<\/strong>, ha llevado a cabo un completo programa de trabajo en la EOI Estepona centrado en la innovaci\u00f3n metodol\u00f3gica, la inclusi\u00f3n educativa y el intercambio de buenas pr\u00e1cticas europeas.<\/p>\n<section class=\"text-token-text-primary w-full focus:outline-none [--shadow-height:45px] has-data-writing-block:pointer-events-none has-data-writing-block:-mt-(--shadow-height) has-data-writing-block:pt-(--shadow-height) [&amp;:has([data-writing-block])&gt;*]:pointer-events-auto [content-visibility:auto] supports-[content-visibility:auto]:[contain-intrinsic-size:auto_100lvh] R6Vx5W_threadScrollVars scroll-mb-[calc(var(--scroll-root-safe-area-inset-bottom,0px)+var(--thread-response-height))] scroll-mt-[calc(var(--header-height)+min(200px,max(70px,20svh)))]\" dir=\"auto\" data-turn-id=\"request-69d61985-2328-8396-b4cf-727272363a57-13\" data-testid=\"conversation-turn-18\" data-scroll-anchor=\"false\" data-turn=\"assistant\">\n<div class=\"text-base my-auto mx-auto pb-10 [--thread-content-margin:var(--thread-content-margin-xs,calc(var(--spacing)*4))] @w-sm\/main:[--thread-content-margin:var(--thread-content-margin-sm,calc(var(--spacing)*6))] @w-lg\/main:[--thread-content-margin:var(--thread-content-margin-lg,calc(var(--spacing)*16))] px-(--thread-content-margin)\">\n<div class=\"[--thread-content-max-width:40rem] @w-lg\/main:[--thread-content-max-width:48rem] mx-auto max-w-(--thread-content-max-width) flex-1 group\/turn-messages focus-visible:outline-hidden relative flex w-full min-w-0 flex-col agent-turn\">\n<div class=\"flex max-w-full flex-col gap-4 grow\">\n<div class=\"min-h-8 text-message relative flex w-full flex-col items-end gap-2 text-start break-words whitespace-normal outline-none keyboard-focused:focus-ring [.text-message+&amp;]:mt-1\" dir=\"auto\" tabindex=\"0\" data-message-author-role=\"assistant\" data-message-id=\"911ef185-6c04-4485-bb10-12714a0afff4\" data-message-model-slug=\"gpt-5-3\" data-turn-start-message=\"true\">\n<div class=\"flex w-full flex-col gap-1 empty:hidden\">\n<div class=\"markdown prose dark:prose-invert w-full wrap-break-word light markdown-new-styling\">\n<h3 data-section-id=\"1xi3xxh\" data-start=\"410\" data-end=\"473\">D\u00eda 1 \u2013 Innovaci\u00f3n metodol\u00f3gica e intercambio institucional<\/h3>\n<p data-start=\"475\" data-end=\"866\">La primera jornada comenz\u00f3 con una sesi\u00f3n dedicada a la <strong data-start=\"531\" data-end=\"579\">ense\u00f1anza por proyectos en lengua extranjera<\/strong> dirigida al <strong data-start=\"592\" data-end=\"604\">Grupo A2<\/strong>, en la que se trabaj\u00f3 el dise\u00f1o y aplicaci\u00f3n de tareas comunicativas basadas en situaciones reales. El personal participante pudo conocer ejemplos pr\u00e1cticos para fomentar un aprendizaje m\u00e1s significativo, participativo y conectado con contextos cotidianos.<\/p>\n<p data-start=\"868\" data-end=\"1156\">Posteriormente, se desarroll\u00f3 una <strong data-start=\"902\" data-end=\"932\">presentaci\u00f3n institucional<\/strong> y un espacio de intercambio profesional en el que se compartieron las caracter\u00edsticas de ambos centros educativos, sus contextos de actuaci\u00f3n y los principales retos de la educaci\u00f3n de personas adultas en Espa\u00f1a e Italia.<\/p>\n\n\t\t<style type=\"text\/css\">\n\t\t\t#gallery-1 {\n\t\t\t\tmargin: auto;\n\t\t\t}\n\t\t\t#gallery-1 .gallery-item {\n\t\t\t\tfloat: left;\n\t\t\t\tmargin-top: 10px;\n\t\t\t\ttext-align: center;\n\t\t\t\twidth: 50%;\n\t\t\t}\n\t\t\t#gallery-1 img {\n\t\t\t\tborder: 2px solid #cfcfcf;\n\t\t\t}\n\t\t\t#gallery-1 .gallery-caption {\n\t\t\t\tmargin-left: 0;\n\t\t\t}\n\t\t\t\/* see gallery_shortcode() in wp-includes\/media.php *\/\n\t\t<\/style>\n\t\t<div id='gallery-1' class='gallery galleryid-5379 gallery-columns-2 gallery-size-full'><dl class='gallery-item'>\n\t\t\t<dt class='gallery-icon landscape'>\n\t\t\t\t<a href='https:\/\/erasmus.eoiestepona.org\/?attachment_id=5389'><img loading=\"lazy\" decoding=\"async\" width=\"1920\" height=\"1080\" src=\"https:\/\/erasmus.eoiestepona.org\/wp-content\/uploads\/2026\/04\/WhatsApp-Image-2026-04-25-at-18.06.50.jpeg\" class=\"attachment-full size-full\" alt=\"\" srcset=\"https:\/\/erasmus.eoiestepona.org\/wp-content\/uploads\/2026\/04\/WhatsApp-Image-2026-04-25-at-18.06.50.jpeg 1920w, https:\/\/erasmus.eoiestepona.org\/wp-content\/uploads\/2026\/04\/WhatsApp-Image-2026-04-25-at-18.06.50-300x169.jpeg 300w, https:\/\/erasmus.eoiestepona.org\/wp-content\/uploads\/2026\/04\/WhatsApp-Image-2026-04-25-at-18.06.50-1024x576.jpeg 1024w, https:\/\/erasmus.eoiestepona.org\/wp-content\/uploads\/2026\/04\/WhatsApp-Image-2026-04-25-at-18.06.50-768x432.jpeg 768w, https:\/\/erasmus.eoiestepona.org\/wp-content\/uploads\/2026\/04\/WhatsApp-Image-2026-04-25-at-18.06.50-1536x864.jpeg 1536w\" sizes=\"auto, (max-width: 1920px) 100vw, 1920px\" \/><\/a>\n\t\t\t<\/dt><\/dl><dl class='gallery-item'>\n\t\t\t<dt class='gallery-icon landscape'>\n\t\t\t\t<a href='https:\/\/erasmus.eoiestepona.org\/?attachment_id=5393'><img loading=\"lazy\" decoding=\"async\" width=\"1640\" height=\"1230\" src=\"https:\/\/erasmus.eoiestepona.org\/wp-content\/uploads\/2026\/04\/WhatsApp-Image-2026-04-25-at-18.06.54-1.jpeg\" class=\"attachment-full size-full\" alt=\"\" srcset=\"https:\/\/erasmus.eoiestepona.org\/wp-content\/uploads\/2026\/04\/WhatsApp-Image-2026-04-25-at-18.06.54-1.jpeg 1640w, https:\/\/erasmus.eoiestepona.org\/wp-content\/uploads\/2026\/04\/WhatsApp-Image-2026-04-25-at-18.06.54-1-300x225.jpeg 300w, https:\/\/erasmus.eoiestepona.org\/wp-content\/uploads\/2026\/04\/WhatsApp-Image-2026-04-25-at-18.06.54-1-1024x768.jpeg 1024w, https:\/\/erasmus.eoiestepona.org\/wp-content\/uploads\/2026\/04\/WhatsApp-Image-2026-04-25-at-18.06.54-1-768x576.jpeg 768w, https:\/\/erasmus.eoiestepona.org\/wp-content\/uploads\/2026\/04\/WhatsApp-Image-2026-04-25-at-18.06.54-1-1536x1152.jpeg 1536w\" sizes=\"auto, (max-width: 1640px) 100vw, 1640px\" \/><\/a>\n\t\t\t<\/dt><\/dl><br style=\"clear: both\" \/>\n\t\t<\/div>\n\n<h3 data-section-id=\"142hwxq\" data-start=\"1158\" data-end=\"1206\">D\u00eda 2 \u2013 Inclusi\u00f3n y atenci\u00f3n a la diversidad<\/h3>\n<p data-start=\"1208\" data-end=\"1543\">La segunda jornada estuvo centrada en la <strong data-start=\"1249\" data-end=\"1301\">inclusi\u00f3n educativa en contextos multiculturales<\/strong>, abordando temas como la igualdad de oportunidades, la no discriminaci\u00f3n y la convivencia intercultural dentro del aula. Se presentaron estrategias para crear entornos seguros, respetuosos y participativos en grupos culturalmente diversos.<\/p>\n<p data-start=\"1545\" data-end=\"1889\">M\u00e1s tarde, se trabaj\u00f3 nuevamente la <strong data-start=\"1581\" data-end=\"1629\">ense\u00f1anza por proyectos en lengua extranjera<\/strong>, esta vez con especial atenci\u00f3n a estrategias para atender alumnado de distintos niveles ling\u00fc\u00edsticos y trayectorias educativas diversas, dentro del <strong data-start=\"1779\" data-end=\"1791\">Grupo A1<\/strong>. Esta sesi\u00f3n permiti\u00f3 reflexionar sobre c\u00f3mo adaptar tareas y materiales a grupos heterog\u00e9neos.<\/p>\n<h3 data-section-id=\"1tpch9\" data-start=\"1891\" data-end=\"1949\">D\u00eda 3 \u2013 Aprendizaje por proyectos y proyecci\u00f3n europea<\/h3>\n<p data-start=\"1951\" data-end=\"2184\">En la \u00faltima jornada se retom\u00f3 el trabajo con el <strong data-start=\"2000\" data-end=\"2012\">Grupo A2<\/strong>, profundizando en propuestas de <strong data-start=\"2045\" data-end=\"2074\">aprendizaje por proyectos<\/strong> aplicadas a la ense\u00f1anza de idiomas, con ejemplos transferibles a distintos niveles y contextos educativos.<\/p>\n<p data-start=\"2186\" data-end=\"2433\">La movilidad concluy\u00f3 con una sesi\u00f3n de <strong data-start=\"2226\" data-end=\"2266\">evaluaci\u00f3n de metodolog\u00edas aplicadas<\/strong>, en la que se analizaron los aprendizajes adquiridos, las posibilidades de transferencia al aula y futuras l\u00edneas de colaboraci\u00f3n europea entre ambas instituciones.<\/p>\n\n\t\t<style type=\"text\/css\">\n\t\t\t#gallery-2 {\n\t\t\t\tmargin: auto;\n\t\t\t}\n\t\t\t#gallery-2 .gallery-item {\n\t\t\t\tfloat: left;\n\t\t\t\tmargin-top: 10px;\n\t\t\t\ttext-align: center;\n\t\t\t\twidth: 33%;\n\t\t\t}\n\t\t\t#gallery-2 img {\n\t\t\t\tborder: 2px solid #cfcfcf;\n\t\t\t}\n\t\t\t#gallery-2 .gallery-caption {\n\t\t\t\tmargin-left: 0;\n\t\t\t}\n\t\t\t\/* see gallery_shortcode() in wp-includes\/media.php *\/\n\t\t<\/style>\n\t\t<div id='gallery-2' class='gallery galleryid-5379 gallery-columns-3 gallery-size-large'><dl class='gallery-item'>\n\t\t\t<dt class='gallery-icon landscape'>\n\t\t\t\t<a href='https:\/\/erasmus.eoiestepona.org\/?attachment_id=5392'><img loading=\"lazy\" decoding=\"async\" width=\"1024\" height=\"768\" src=\"https:\/\/erasmus.eoiestepona.org\/wp-content\/uploads\/2026\/04\/WhatsApp-Image-2026-04-25-at-18.06.53-1024x768.jpeg\" class=\"attachment-large size-large\" alt=\"\" srcset=\"https:\/\/erasmus.eoiestepona.org\/wp-content\/uploads\/2026\/04\/WhatsApp-Image-2026-04-25-at-18.06.53-1024x768.jpeg 1024w, https:\/\/erasmus.eoiestepona.org\/wp-content\/uploads\/2026\/04\/WhatsApp-Image-2026-04-25-at-18.06.53-300x225.jpeg 300w, https:\/\/erasmus.eoiestepona.org\/wp-content\/uploads\/2026\/04\/WhatsApp-Image-2026-04-25-at-18.06.53-768x576.jpeg 768w, https:\/\/erasmus.eoiestepona.org\/wp-content\/uploads\/2026\/04\/WhatsApp-Image-2026-04-25-at-18.06.53-1536x1152.jpeg 1536w, https:\/\/erasmus.eoiestepona.org\/wp-content\/uploads\/2026\/04\/WhatsApp-Image-2026-04-25-at-18.06.53.jpeg 1640w\" sizes=\"auto, (max-width: 1024px) 100vw, 1024px\" \/><\/a>\n\t\t\t<\/dt><\/dl><dl class='gallery-item'>\n\t\t\t<dt class='gallery-icon landscape'>\n\t\t\t\t<a href='https:\/\/erasmus.eoiestepona.org\/?attachment_id=5390'><img loading=\"lazy\" decoding=\"async\" width=\"1024\" height=\"576\" src=\"https:\/\/erasmus.eoiestepona.org\/wp-content\/uploads\/2026\/04\/WhatsApp-Image-2026-04-25-at-18.06.51-1024x576.jpeg\" class=\"attachment-large size-large\" alt=\"\" srcset=\"https:\/\/erasmus.eoiestepona.org\/wp-content\/uploads\/2026\/04\/WhatsApp-Image-2026-04-25-at-18.06.51-1024x576.jpeg 1024w, https:\/\/erasmus.eoiestepona.org\/wp-content\/uploads\/2026\/04\/WhatsApp-Image-2026-04-25-at-18.06.51-300x169.jpeg 300w, https:\/\/erasmus.eoiestepona.org\/wp-content\/uploads\/2026\/04\/WhatsApp-Image-2026-04-25-at-18.06.51-768x432.jpeg 768w, https:\/\/erasmus.eoiestepona.org\/wp-content\/uploads\/2026\/04\/WhatsApp-Image-2026-04-25-at-18.06.51-1536x864.jpeg 1536w, https:\/\/erasmus.eoiestepona.org\/wp-content\/uploads\/2026\/04\/WhatsApp-Image-2026-04-25-at-18.06.51.jpeg 1920w\" sizes=\"auto, (max-width: 1024px) 100vw, 1024px\" \/><\/a>\n\t\t\t<\/dt><\/dl><dl class='gallery-item'>\n\t\t\t<dt class='gallery-icon landscape'>\n\t\t\t\t<a href='https:\/\/erasmus.eoiestepona.org\/?attachment_id=5394'><img loading=\"lazy\" decoding=\"async\" width=\"1024\" height=\"768\" src=\"https:\/\/erasmus.eoiestepona.org\/wp-content\/uploads\/2026\/04\/WhatsApp-Image-2026-04-25-at-18.06.54-1024x768.jpeg\" class=\"attachment-large size-large\" alt=\"\" srcset=\"https:\/\/erasmus.eoiestepona.org\/wp-content\/uploads\/2026\/04\/WhatsApp-Image-2026-04-25-at-18.06.54-1024x768.jpeg 1024w, https:\/\/erasmus.eoiestepona.org\/wp-content\/uploads\/2026\/04\/WhatsApp-Image-2026-04-25-at-18.06.54-300x225.jpeg 300w, https:\/\/erasmus.eoiestepona.org\/wp-content\/uploads\/2026\/04\/WhatsApp-Image-2026-04-25-at-18.06.54-768x576.jpeg 768w, https:\/\/erasmus.eoiestepona.org\/wp-content\/uploads\/2026\/04\/WhatsApp-Image-2026-04-25-at-18.06.54-1536x1152.jpeg 1536w, https:\/\/erasmus.eoiestepona.org\/wp-content\/uploads\/2026\/04\/WhatsApp-Image-2026-04-25-at-18.06.54.jpeg 1640w\" sizes=\"auto, (max-width: 1024px) 100vw, 1024px\" \/><\/a>\n\t\t\t<\/dt><\/dl><br style=\"clear: both\" \/>\n\t\t<\/div>\n\n<h3 data-section-id=\"10z6xk6\" data-start=\"2435\" data-end=\"2462\">Impacto de la actividad<\/h3>\n<p data-start=\"2464\" data-end=\"2766\" data-is-last-node=\"\" data-is-only-node=\"\">Estas jornadas han supuesto una excelente oportunidad para seguir avanzando en la modernizaci\u00f3n pedag\u00f3gica de la EOI Estepona, reforzar la dimensi\u00f3n europea del centro y dotar al profesorado de nuevas herramientas para responder a los desaf\u00edos actuales de la ense\u00f1anza de idiomas en contextos diversos.<\/p>\n<\/div>\n<\/div>\n<\/div>\n<\/div>\n<div class=\"z-0 flex min-h-[46px] justify-start\"><\/div>\n<div class=\"mt-3 w-full empty:hidden\">\n<div class=\"text-center\"><\/div>\n<\/div>\n<\/div>\n<\/div>\n<\/section>\n<div class=\"pointer-events-none -mt-px h-px translate-y-[calc(var(--scroll-root-safe-area-inset-bottom)-14*var(--spacing))]\" aria-hidden=\"true\"><\/div>\n<p>&nbsp;<\/p>\n","protected":false},"excerpt":{"rendered":"<p>Del 21 al 23 de abril de 2026, la EOI Estepona ha tenido el placer de recibir a Chiara Maria Torrisi, profesora del CPIA 1 Torino, como experta invitada dentro de nuestro proyecto acreditado Erasmus+ 2024-1-ES01-KA121-ADU-000203934. Durante su estancia, esta actividad ha tenido como finalidad principal reforzar las competencias del profesorado de la EOI Estepona [&hellip;]<\/p>\n","protected":false},"author":1,"featured_media":0,"parent":0,"menu_order":0,"comment_status":"closed","ping_status":"closed","template":"","meta":{"footnotes":""},"class_list":["post-5379","page","type-page","status-publish","hentry"],"_links":{"self":[{"href":"https:\/\/erasmus.eoiestepona.org\/index.php?rest_route=\/wp\/v2\/pages\/5379","targetHints":{"allow":["GET"]}}],"collection":[{"href":"https:\/\/erasmus.eoiestepona.org\/index.php?rest_route=\/wp\/v2\/pages"}],"about":[{"href":"https:\/\/erasmus.eoiestepona.org\/index.php?rest_route=\/wp\/v2\/types\/page"}],"author":[{"embeddable":true,"href":"https:\/\/erasmus.eoiestepona.org\/index.php?rest_route=\/wp\/v2\/users\/1"}],"replies":[{"embeddable":true,"href":"https:\/\/erasmus.eoiestepona.org\/index.php?rest_route=%2Fwp%2Fv2%2Fcomments&post=5379"}],"version-history":[{"count":3,"href":"https:\/\/erasmus.eoiestepona.org\/index.php?rest_route=\/wp\/v2\/pages\/5379\/revisions"}],"predecessor-version":[{"id":5395,"href":"https:\/\/erasmus.eoiestepona.org\/index.php?rest_route=\/wp\/v2\/pages\/5379\/revisions\/5395"}],"wp:attachment":[{"href":"https:\/\/erasmus.eoiestepona.org\/index.php?rest_route=%2Fwp%2Fv2%2Fmedia&parent=5379"}],"curies":[{"name":"wp","href":"https:\/\/api.w.org\/{rel}","templated":true}]}}